{"id":5555,"date":"2023-01-25T08:46:50","date_gmt":"2023-01-25T11:46:50","guid":{"rendered":"https:\/\/lacruz.cl\/?page_id=5555"},"modified":"2026-04-15T11:47:36","modified_gmt":"2026-04-15T15:47:36","slug":"organizaciones-comunitarias","status":"publish","type":"page","link":"https:\/\/lacruz.cl\/a94a8fe5\/organizaciones-comunitarias\/","title":{"rendered":"Organizaciones Comunitarias"},"content":{"rendered":"\t\t<div data-elementor-type=\"wp-page\" data-elementor-id=\"5555\" class=\"elementor elementor-5555\" data-elementor-post-type=\"page\">\n\t\t\t\t\t\t<section class=\"elementor-section elementor-top-section elementor-element elementor-element-0ebe6b4 elementor-section-content-middle elementor-section-boxed elementor-section-height-default elementor-section-height-default\" data-id=\"0ebe6b4\" data-element_type=\"section\" data-e-type=\"section\" data-settings=\"{&quot;background_background&quot;:&quot;classic&quot;}\">\n\t\t\t\t\t\t\t<div class=\"elementor-background-overlay\"><\/div>\n\t\t\t\t\t\t\t<div class=\"elementor-container elementor-column-gap-no\">\n\t\t\t\t\t<div class=\"elementor-column elementor-col-100 elementor-top-column elementor-element elementor-element-d23638a\" data-id=\"d23638a\" data-element_type=\"column\" data-e-type=\"column\">\n\t\t\t<div class=\"elementor-widget-wrap elementor-element-populated\">\n\t\t\t\t\t\t<div class=\"elementor-element elementor-element-818592b elementor-widget elementor-widget-heading\" data-id=\"818592b\" data-element_type=\"widget\" data-e-type=\"widget\" data-widget_type=\"heading.default\">\n\t\t\t\t<div class=\"elementor-widget-container\">\n\t\t\t\t\t<h4 class=\"elementor-heading-title elementor-size-default\">Organizaciones Comunitarias<\/h4>\t\t\t\t<\/div>\n\t\t\t\t<\/div>\n\t\t\t\t<div class=\"elementor-element elementor-element-719d244 elementor-widget elementor-widget-heading\" data-id=\"719d244\" data-element_type=\"widget\" data-e-type=\"widget\" data-widget_type=\"heading.default\">\n\t\t\t\t<div class=\"elementor-widget-container\">\n\t\t\t\t\t<h5 class=\"elementor-heading-title elementor-size-default\">por una identidad con valores humanos y talento en comunidad<\/h5>\t\t\t\t<\/div>\n\t\t\t\t<\/div>\n\t\t\t\t\t<\/div>\n\t\t<\/div>\n\t\t\t\t\t<\/div>\n\t\t<\/section>\n\t\t\t\t<section class=\"elementor-section elementor-top-section elementor-element elementor-element-42e456f elementor-section-boxed elementor-section-height-default elementor-section-height-default\" data-id=\"42e456f\" data-element_type=\"section\" data-e-type=\"section\">\n\t\t\t\t\t\t<div class=\"elementor-container elementor-column-gap-no\">\n\t\t\t\t\t<div class=\"elementor-column elementor-col-100 elementor-top-column elementor-element elementor-element-8c32694\" data-id=\"8c32694\" data-element_type=\"column\" data-e-type=\"column\">\n\t\t\t<div class=\"elementor-widget-wrap elementor-element-populated\">\n\t\t\t\t\t\t<div class=\"elementor-element elementor-element-695000f elementor-widget elementor-widget-text-editor\" data-id=\"695000f\" data-element_type=\"widget\" data-e-type=\"widget\" data-widget_type=\"text-editor.default\">\n\t\t\t\t<div class=\"elementor-widget-container\">\n\t\t\t\t\t\t\t\t\t<style><span data-mce-type=\"bookmark\" style=\"display: inline-block; width: 0px; overflow: hidden; line-height: 0;\" class=\"mce_SELRES_start\">\ufeff<\/span><span data-mce-type=\"bookmark\" style=\"display: inline-block; width: 0px; overflow: hidden; line-height: 0;\" class=\"mce_SELRES_start\">\ufeff<\/span><span data-mce-type=\"bookmark\" style=\"display: inline-block; width: 0px; overflow: hidden; line-height: 0;\" class=\"mce_SELRES_start\">\ufeff<\/span><span data-mce-type=\"bookmark\" style=\"display: inline-block; width: 0px; overflow: hidden; line-height: 0;\" class=\"mce_SELRES_start\">\ufeff<\/span><span data-mce-type=\"bookmark\" style=\"display: inline-block; width: 0px; overflow: hidden; line-height: 0;\" class=\"mce_SELRES_start\">\ufeff<\/span><span data-mce-type=\"bookmark\" style=\"display: inline-block; width: 0px; overflow: hidden; line-height: 0;\" class=\"mce_SELRES_start\">\ufeff<\/span><span data-mce-type=\"bookmark\" style=\"display: inline-block; width: 0px; overflow: hidden; line-height: 0;\" class=\"mce_SELRES_start\">\ufeff<\/span><span data-mce-type=\"bookmark\" style=\"display: inline-block; width: 0px; overflow: hidden; line-height: 0;\" class=\"mce_SELRES_start\">\ufeff<\/span><span data-mce-type=\"bookmark\" style=\"display: inline-block; width: 0px; overflow: hidden; line-height: 0;\" class=\"mce_SELRES_start\">\ufeff<\/span><span data-mce-type=\"bookmark\" style=\"display: inline-block; width: 0px; overflow: hidden; line-height: 0;\" class=\"mce_SELRES_start\">\ufeff<\/span><span data-mce-type=\"bookmark\" style=\"display: inline-block; width: 0px; overflow: hidden; line-height: 0;\" class=\"mce_SELRES_start\">\ufeff<\/span><span data-mce-type=\"bookmark\" style=\"display: inline-block; width: 0px; overflow: hidden; line-height: 0;\" class=\"mce_SELRES_start\">\ufeff<\/span><span data-mce-type=\"bookmark\" style=\"display: inline-block; width: 0px; overflow: hidden; line-height: 0;\" class=\"mce_SELRES_start\">\ufeff<\/span><span data-mce-type=\"bookmark\" style=\"display: inline-block; width: 0px; overflow: hidden; line-height: 0;\" class=\"mce_SELRES_start\">\ufeff<\/span><span data-mce-type=\"bookmark\" style=\"display: inline-block; width: 0px; overflow: hidden; line-height: 0;\" class=\"mce_SELRES_start\">\ufeff<\/span><span data-mce-type=\"bookmark\" style=\"display: inline-block; width: 0px; overflow: hidden; line-height: 0;\" class=\"mce_SELRES_start\">\ufeff<\/span><span data-mce-type=\"bookmark\" style=\"display: inline-block; width: 0px; overflow: hidden; line-height: 0;\" class=\"mce_SELRES_start\">\ufeff<\/span><span data-mce-type=\"bookmark\" style=\"display: inline-block; width: 0px; overflow: hidden; line-height: 0;\" class=\"mce_SELRES_start\">\ufeff<\/span><span data-mce-type=\"bookmark\" style=\"display: inline-block; width: 0px; overflow: hidden; line-height: 0;\" class=\"mce_SELRES_start\">\ufeff<\/span><span data-mce-type=\"bookmark\" style=\"display: inline-block; width: 0px; overflow: hidden; line-height: 0;\" class=\"mce_SELRES_start\">\ufeff<\/span><span data-mce-type=\"bookmark\" style=\"display: inline-block; width: 0px; overflow: hidden; line-height: 0;\" class=\"mce_SELRES_start\">\ufeff<\/span><span data-mce-type=\"bookmark\" style=\"display: inline-block; width: 0px; overflow: hidden; line-height: 0;\" class=\"mce_SELRES_start\">\ufeff<\/span><span data-mce-type=\"bookmark\" style=\"display: inline-block; width: 0px; overflow: hidden; line-height: 0;\" class=\"mce_SELRES_start\">\ufeff<\/span><span data-mce-type=\"bookmark\" style=\"display: inline-block; width: 0px; overflow: hidden; line-height: 0;\" class=\"mce_SELRES_start\">\ufeff<\/span><span data-mce-type=\"bookmark\" style=\"display: inline-block; width: 0px; overflow: hidden; line-height: 0;\" class=\"mce_SELRES_start\">\ufeff<\/span><span data-mce-type=\"bookmark\" style=\"display: inline-block; width: 0px; overflow: hidden; line-height: 0;\" class=\"mce_SELRES_start\">\ufeff<\/span><span data-mce-type=\"bookmark\" style=\"display: inline-block; width: 0px; overflow: hidden; line-height: 0;\" class=\"mce_SELRES_start\">\ufeff<\/span><span data-mce-type=\"bookmark\" style=\"display: inline-block; width: 0px; overflow: hidden; line-height: 0;\" class=\"mce_SELRES_start\">\ufeff<\/span><br \/>  .fila-evento {<br \/>    height: 27.75pt;<br \/>  }<br \/>  .fila-evento td {<br \/>    border: 0.75pt solid #ffd966;<br \/>    border-top: 0.75pt solid #ffc000;<br \/>    vertical-align: top;<br \/>    background-color: #fff2cc;<br \/>    padding: 0 5pt;<br \/>    font-family: Arial, sans-serif;<br \/>    font-size: 11pt;<br \/>    line-height: 1.2;<br \/>  }<br \/>  .fila-evento td:first-<span data-mce-type=\"bookmark\" style=\"display: inline-block; width: 0px; overflow: hidden; line-height: 0;\" class=\"mce_SELRES_start\">\ufeff<\/span>child {<br \/>    font-weight: bold;<br \/>  }<br \/><\/style>\n<h1 style=\"text-align: center;\"><a href=\"https:\/\/lacruz.cl\/a94a8fe5\/wp-content\/uploads\/2025\/01\/Captura-de-pantalla-2025-01-30-111810.png\"><img loading=\"lazy\" decoding=\"async\" src=\"https:\/\/lacruz.cl\/a94a8fe5\/wp-content\/uploads\/2025\/01\/Captura-de-pantalla-2025-01-30-111810.png\" alt=\"\" width=\"553\" height=\"414\" \/><\/a><\/h1>\n<span style=\"font-style: inherit; font-weight: inherit; color: var( --e-global-color-text ); font-family: var( --e-global-typography-text-font-family ), Sans-serif;\">LLAMADO A\u00a0<\/span><span style=\"font-style: inherit; font-weight: inherit; color: var( --e-global-color-text ); font-family: var( --e-global-typography-text-font-family ), Sans-serif;\">PROCESOS ELECTORALES<\/span>\n\n<span lang=\"ES-MX\">JUNTAS DE\u00a0VECINOS Y DEM\u00c1S ORGANIZACIONES COMUNITARIAS<\/span><span lang=\"ES-MX\">\u00a0<\/span>\n<div dir=\"ltr\" style=\"margin-left: 0pt;\" align=\"left\">\n\n&nbsp;\n<table style=\"border: none;\"><colgroup> <col width=\"218\" \/> <col width=\"142\" \/> <col width=\"183\" \/> <col width=\"257\" \/><\/colgroup>\n<tbody>\n<tr style=\"height: 28.5pt;\">\n<td style=\"border-left: solid #ffc000 0.75pt; border-bottom: solid #ffc000 0.75pt; border-top: solid #ffc000 0.75pt; vertical-align: top; background-color: #ffc000; padding: 0pt 5pt 0pt 5pt; overflow: hidden; overflow-wrap: break-word;\">\n<p dir=\"ltr\" style=\"line-height: 1.38; margin-top: 12pt; margin-bottom: 0pt;\"><span style=\"font-size: 11pt; font-family: Arial, sans-serif; color: #ffffff; background-color: transparent; font-weight: bold; font-variant-numeric: normal; font-variant-east-asian: normal; font-variant-alternates: normal; font-variant-position: normal; vertical-align: baseline; white-space-collapse: preserve;\">Nombre Organizaci\u00f3n<\/span><\/p>\n<\/td>\n<td style=\"border-bottom: solid #ffc000 0.75pt; border-top: solid #ffc000 0.75pt; vertical-align: top; background-color: #ffc000; padding: 0pt 5pt 0pt 5pt; overflow: hidden; overflow-wrap: break-word;\">\n<p dir=\"ltr\" style=\"line-height: 1.38; margin-top: 12pt; margin-bottom: 0pt;\"><span style=\"font-size: 11pt; font-family: Arial, sans-serif; color: #ffffff; background-color: transparent; font-weight: bold; font-variant-numeric: normal; font-variant-east-asian: normal; font-variant-alternates: normal; font-variant-position: normal; vertical-align: baseline; white-space-collapse: preserve;\">Materia<\/span><\/p>\n<\/td>\n<td style=\"border-bottom: solid #ffc000 0.75pt; border-top: solid #ffc000 0.75pt; vertical-align: top; background-color: #ffc000; padding: 0pt 5pt 0pt 5pt; overflow: hidden; overflow-wrap: break-word;\">\n<p dir=\"ltr\" style=\"line-height: 1.38; margin-top: 12pt; margin-bottom: 0pt;\"><span style=\"font-size: 11pt; font-family: Arial, sans-serif; color: #ffffff; background-color: transparent; font-weight: bold; font-variant-numeric: normal; font-variant-east-asian: normal; font-variant-alternates: normal; font-variant-position: normal; vertical-align: baseline; white-space-collapse: preserve;\">Fecha Elecci\u00f3n<\/span><\/p>\n<\/td>\n<td style=\"border-right: solid #ffc000 0.75pt; border-bottom: solid #ffc000 0.75pt; border-top: solid #ffc000 0.75pt; vertical-align: top; background-color: #ffc000; padding: 0pt 5pt 0pt 5pt; overflow: hidden; overflow-wrap: break-word;\">\n<p dir=\"ltr\" style=\"line-height: 1.38; margin-top: 12pt; margin-bottom: 0pt;\"><span style=\"font-size: 11pt; font-family: Arial, sans-serif; color: #ffffff; background-color: transparent; font-weight: bold; font-variant-numeric: normal; font-variant-east-asian: normal; font-variant-alternates: normal; font-variant-position: normal; vertical-align: baseline; white-space-collapse: preserve;\">Lugar Elecci\u00f3n<\/span><\/p>\n<\/td>\n<\/tr>\n\n<tr>\n<td>Organizaci\u00f3n directiva comit\u00e9 administraci\u00f3n residencia Terracruz<\/td>\n<td>Llamado a elecci\u00f3n<\/td>\n<td>09 de Mayo de 2026 desde 16:00 a 18:30 horas<\/td>\n<td>pasaje Pablo Picasso N\u00b015<\/td>\n<\/tr>\n\n\n\n\n<tr>\n<td>Organizaci\u00f3n Club deportivo Santa Elena<\/td>\n<td>Llamado a elecci\u00f3n<\/td>\n<td>08 de Mayo de 2026 desde 18:00 a 21:00 horas<\/td>\n<td>Chorrillos #1100, La Cruz<\/td>\n<\/tr>\n\n<tr>\n<td>Organizaci\u00f3n Territorial Junta de Vecinos Villa San Jos\u00e9<\/td>\n<td>Llamado a elecci\u00f3n<\/td>\n<td>07 de Abril de 2026 desde 19:00 hrs a las 22:00 hrs<\/td>\n<td>\u00d3scar Bernal s\/n<\/td>\n<\/tr>\n<tr>\n<td>Comit\u00e9 de vecinos camino del sol IV<\/td>\n<td>Llamado a elecci\u00f3n<\/td>\n<td>28 de marzo de 2026 desde 16:00 a |19:00 hrs<\/td>\n<td>Martinez de Rosas N\u00b08<\/td>\n<\/tr>\n<tr>\n<td>Club Deportivo JJ Del Valle<\/td>\n<td>Llamado a elecci\u00f3n<\/td>\n<td>06 de enero de 2026 desde 13.00 a 18:00 hrs<\/td>\n<td>Av. Santa Cruz #511<\/td>\n<\/tr>\n<tr>\n<td>Junta de Vecinos Villa Alegre<\/td>\n<td>Llamado a elecci\u00f3n<\/td>\n<td>23 de enero de 2025 desde 18:00 a 21:30 hrs<\/td>\n<td>Sede Social<\/td>\n<\/tr>\n<tr>\n<td>Club Deportivo San Eduardo<\/td>\n<td>Llamado a elecci\u00f3n<\/td>\n<td>28 de diciembre de 2025 desde 12:00 a 17:00 hrs<\/td>\n<td>poblacion Bolonia calle 7 S\/N<\/td>\n<\/tr>\n<tr>\n<td>Centro de Madres Los Faisanes<\/td>\n<td>Llamado a elecci\u00f3n<\/td>\n<td>29 de diciembre de 2025 desde 19:00 hrs<\/td>\n<td>Los Faisanes S\/N<\/td>\n<\/tr>\n<tr>\n<td>Comit\u00e9 Ambiental Comunal<\/td>\n<td>Llamado a elecci\u00f3n<\/td>\n<td>13 de diciembre de 2025 desde 11:00 a 13:00 hrs<\/td>\n<td>DESAM<\/td>\n<\/tr>\n<tr>\n<td>Hema Hecho a Mano<\/td>\n<td>Llamado a elecci\u00f3n<\/td>\n<td>29 de noviembre de 2025 desde 16:00 a 17:30 hrs<\/td>\n<td>condominio Veracruz<\/td>\n<\/tr>\n<tr>\n<td>Agrupaci\u00f3n Emprendedores Activate<\/td>\n<td>Llamado a elecci\u00f3n<\/td>\n<td>21 de noviembre de 2025 desde 19:00 a 21:30 hrs<\/td>\n<td>Simpson N\u00b026<\/td>\n<\/tr>\n<tr>\n<td>Centro de padres madres y apoderados DSCW Pocochay<\/td>\n<td>Llamado a elecci\u00f3n<\/td>\n<td>19 de noviembre de 2025 desde 8:30 a 16.30 hrs<\/td>\n<td>Colegio Domingo Santa Cruz Wilson<\/td>\n<\/tr>\n<tr>\n<td>Club de Huasos Laborales Poblaci\u00f3n Bolonia<\/td>\n<td>Llamado a elecci\u00f3n<\/td>\n<td>21 de noviembre de 2025 desde 18:00 a 21:00<\/td>\n<td>poblaci\u00f3n Bolonia calle 7<\/td>\n<\/tr>\n<tr>\n<td>Club Deportivo Aconcagua<\/td>\n<td>Llamado a elecci\u00f3n<\/td>\n<td>02 de noviembre de 2025 desde 12:00 a 14:00 hrs<\/td>\n<td>Sede social Las Barrancas S\/N La Cruz<\/td>\n<\/tr>\n<tr>\n<td>Club Adulto Mayor Pedro Puentes Carrasco<\/td>\n<td>Llamado a elecci\u00f3n<\/td>\n<td>21 de octubre de 2025 desde 17:00 a 18:30 hrs<\/td>\n<td>Sede club psje 15 Villa Los Alelies<\/td>\n<\/tr>\n<tr>\n<td>Comit\u00e9 de Vivienda Nueva Vida<\/td>\n<td>Llamado a elecci\u00f3n<\/td>\n<td>29 de octubre desde 19:00 a 21:30 hrs<\/td>\n<td>Sede Rolando Av. 21 de Mayo 5511<\/td>\n<\/tr>\n<tr>\n<td>Club Deportivo Uni\u00f3n del Vallen<\/td>\n<td>Llamado a elecci\u00f3n<\/td>\n<td>12 de octubre desde 10:00 a 12:00 hrs<\/td>\n<td>Avenida 21 de Mayo 5450 Gimnasio<\/td>\n<\/tr>\n<tr>\n<td>Emprendedores Libres Aliwen<\/td>\n<td>Llamado a elecci\u00f3n<\/td>\n<td>27 de septiembre de 2025 desde 10:00 a 12:00 hrs<\/td>\n<td>Centro Rolando Arcos<\/td>\n<\/tr>\n<tr>\n<td>Junta de Vecinos Villa Cien Aguilas<\/td>\n<td>Llamado a elecci\u00f3n<\/td>\n<td>12 de septiembre de 2025 desde 18:00 a 21:00<\/td>\n<td>Sede Social Pasaje Luis Cruz Martinez #2<\/td>\n<\/tr>\n<tr>\n<td>Tramas Crucinas<\/td>\n<td>Llamado a elecci\u00f3n<\/td>\n<td>09 de septiembre de 2025 a las 11:30 hrs<\/td>\n<td>Taller de tejido en 21 de mayo 5625 La Cruz<\/td>\n<\/tr>\n<tr>\n<td>Asociaci\u00f3n Agr\u00edcola de futbol de La Cruz<\/td>\n<td>Llamado a elecci\u00f3n<\/td>\n<td>08 de septiembre de 2025 desde 19:00 a 22:00 hrs<\/td>\n<td>Sede asociaci\u00f3n agr\u00edcola 21 de mayo 5511<\/td>\n<\/tr>\n<tr>\n<td>Comit\u00e9 de administraci\u00f3n Villa La Hacienda<\/td>\n<td>Llamado a elecci\u00f3n<\/td>\n<td>06 de septiembre de 2025 desde 12:00 a 14:00 hrs<\/td>\n<td>Sede Social<\/td>\n<\/tr>\n<tr>\n<td>Centro de padres Jardin Infantil LDV<\/td>\n<td>Llamado a elecci\u00f3n<\/td>\n<td>26 de agosto de 2025 de 15:30 a 16:30 hrs<\/td>\n<td>Jard\u00edn<\/td>\n<\/tr>\n<tr>\n<td>Agrupaci\u00f3n Social Pangi Akunkawa<\/td>\n<td>Llamado a elecci\u00f3n<\/td>\n<td>28 de agosto de 2025 de 19:00 a 20:00 hrs<\/td>\n<td>Humberto Anguita 33<\/td>\n<\/tr>\n<tr>\n<td>Comit\u00e9 de administraci\u00f3n Villa Los Floristas<\/td>\n<td>Llamado a elecci\u00f3n<\/td>\n<td>30 de agosto de 2025 desde 12:00 a 15:00 hrs<\/td>\n<td>Sede Social<\/td>\n<\/tr>\n<tr>\n<td>Comit\u00e9 de vecinos Villa Los Angeles<\/td>\n<td>Llamado a elecci\u00f3n<\/td>\n<td>23 de agosto de 2025 desde 18:00 a 19:00 hrs<\/td>\n<td>Sede Social<\/td>\n<\/tr>\n<tr>\n<td>Consejo Vecinal de Desarrollo Santa Rosa &#8211; Los Floristas<\/td>\n<td>Llamado a elecci\u00f3n<\/td>\n<td>19 de agosto de 2025 desde 16:30 a 18:00 hrs<\/td>\n<td>Casa Barrial<\/td>\n<\/tr>\n<tr>\n<td>Voluntariado de c\u00e1ncer<\/td>\n<td>Llamado a elecci\u00f3n<\/td>\n<td>6 de agosto de 2025 desde 15:00 a 18:00 hrs<\/td>\n<td>simpson 16<\/td>\n<\/tr>\n<tr>\n<td>Unidad Pastoral La Cruz<\/td>\n<td>Llamado a elecci\u00f3n<\/td>\n<td>18 de agosto de 2025 desde 18:00 a 19:00 hrs<\/td>\n<td>Templo calle 1 N\u00b065 A<\/td>\n<\/tr>\n<tr>\n<td>Asociaci\u00f3n de F\u00fatbol Seniors<\/td>\n<td>Llamado a elecci\u00f3n<\/td>\n<td>12 de agosto de 2025 desde 20:00 a 23:00 hrs<\/td>\n<td>Sede social calle Luis Bastias N\u00b020 Los Ilustres<\/td>\n<\/tr>\n<tr>\n<td>Club de Adultez Mayor Lo Rojas<\/td>\n<td>Llamado a elecci\u00f3n<\/td>\n<td>05 de agosto de 2025 desde 18:00 a 19:00 hrs<\/td>\n<td>centro de madres calle 18 de septiembre S\/N<\/td>\n<\/tr>\n<tr>\n<td>Comit\u00e9 de Administraci\u00f3n Villa Los Floristas<\/td>\n<td>Llamado a elecci\u00f3n<\/td>\n<td>02 de agosto de 2025 desde 12:00 a 15:00 hrs<\/td>\n<td>sede social Santa Rosa<\/td>\n<\/tr>\n<tr>\n<td>Comit\u00e9 de Vivienda Mi Sue\u00f1o<\/td>\n<td>Llamado a elecci\u00f3n<\/td>\n<td>02 de agosto de 2025 desde 15:00 a 17:30 hrs<\/td>\n<td>Javiera Carrera 21 Villa Camino del Sol 1<\/td>\n<\/tr>\n<tr>\n<td>Club deportivo Dinamita Mix<\/td>\n<td>Llamado a elecci\u00f3n<\/td>\n<td>03 de agosto de 2025 desde 10:00 a 15:00 hrs<\/td>\n<td>casa social 115 Don Camilo<\/td>\n<\/tr>\n<tr>\n<td>Club Adulto Mayor Villa Jamaica<\/td>\n<td>Llamado a elecci\u00f3n<\/td>\n<td>23 de julio de 2025 desde 15:00 a 16:00 hrs<\/td>\n<td>sede social<\/td>\n<\/tr>\n<tr>\n<td>Asociaci\u00f3n de futbol senior<\/td>\n<td>Llamado a elecci\u00f3n<\/td>\n<td>8 de julio de 2025 desde 18:00 hasta las 22:00 hrs<\/td>\n<td>Calle Luis Bastias 20 Villa los Ilustres<\/td>\n<\/tr>\n<tr>\n<td>Villa Buque Escuela Esmeralda<\/td>\n<td>Llamado a elecci\u00f3n<\/td>\n<td>27 de julio de 2025 desde 10:00 a 14:00 hrs<\/td>\n<td>Iquique 191<\/td>\n<\/tr>\n<tr>\n<td>Club de Personas Mayores Iglesia Adventista Bethel La Cruz<\/td>\n<td>Llamado a elecci\u00f3n<\/td>\n<td>28 de julio de 2025 desde 15:00 a 18:00 hrs<\/td>\n<td>Av. 21 DE Mayo<\/td>\n<\/tr>\n<tr>\n<td>Gestores del Ensamble Tempor\u00eda<\/td>\n<td>Llamado a elecci\u00f3n<\/td>\n<td>02 de agosto de 2025 desde 10:00 12:30 hrs<\/td>\n<td>AV 21 de mayo N\u00b01918<\/td>\n<\/tr>\n<tr>\n<td>Emprendedores Libres Aliwen<\/td>\n<td>Llamado a elecci\u00f3n<\/td>\n<td>25 de julio de 2025 desde 17:00 a 18:00 hrs<\/td>\n<td>sede social Av. 21 de Mayo<\/td>\n<\/tr>\n<tr>\n<td>Club Deportivo Arauco<\/td>\n<td>Llamado a elecci\u00f3n<\/td>\n<td>26 de julio de 2025 desde 16:00 a 20:00 hrs<\/td>\n<td>Sede Social<\/td>\n<\/tr>\n<tr>\n<td>Comit\u00e9 Administrativo Cumbres del Valle<\/td>\n<td>Llamado a elecci\u00f3n<\/td>\n<td>20 de julio de 2025 desde 12:00 a 14:00 hrs<\/td>\n<td>Cancha Yacas S\/N<\/td>\n<\/tr>\n<tr>\n<td>Comit\u00e9 de Vecinos Villa Los Angeles<\/td>\n<td>Llamado a elecci\u00f3n<\/td>\n<td>19 de julio de 2025 desde 18:00 a 19:00 hrs<\/td>\n<td>Sede Social Villa Los Angeles<\/td>\n<\/tr>\n<tr>\n<td>Conjunto habitacional Camino el Sol<\/td>\n<td>Llamado a elecci\u00f3n<\/td>\n<td>05 de julio de 2025 desde 15:00 a 18:00 hrs<\/td>\n<td>Sede Social<\/td>\n<\/tr>\n<tr>\n<td>Comit\u00e9 de administraci\u00f3n Villa La Hacienda<\/td>\n<td>Llamado a elecci\u00f3n<\/td>\n<td>28 de junio de 2025 desde 11:00 a 15:00 hrs<\/td>\n<td>Plaza Central<\/td>\n<\/tr>\n<tr>\n<td>Asociaci\u00f3n de f\u00fatbol senior La Cruz<\/td>\n<td>Llamado a elecci\u00f3n<\/td>\n<td>08 de julio de 2025 desde 18:00 a 22:00 hrs<\/td>\n<td>calle Luis Bastias N\u00b020 Villa Los Ilustres<\/td>\n<\/tr>\n<tr>\n<td>Comit\u00e9 de vivienda La Hermosa<\/td>\n<td>Llamado a elecci\u00f3n<\/td>\n<td>06 de junio de 2025 desde 18:30 a 21:30<\/td>\n<td>calle 2 N\u00b075 Bolonia<\/td>\n<\/tr>\n<tr>\n<td>Comit\u00e9 de administraci\u00f3n Padre Enrique del Rio<\/td>\n<td>Llamado a elecci\u00f3n<\/td>\n<td>15 de junio de 2025 desde 09:00 a 14:00 hrs<\/td>\n<td>sede social<\/td>\n<\/tr>\n<tr>\n<td>Junta de vecinos Manuel Rodriguez N\u00b022<\/td>\n<td>Llamado a elecci\u00f3n<\/td>\n<td>14 de junio de 2025 desde 15:00 a 19:00 hrs<\/td>\n<td>sede social<\/td>\n<\/tr>\n<tr>\n<td>Club adultez mayor Lo Rojas<\/td>\n<td>Llamado a elecci\u00f3n<\/td>\n<td>16 de junio de 2025 desde 18:00 a 20:00 hrs<\/td>\n<td>APR Los Casta\u00f1os S\/N<\/td>\n<\/tr>\n<tr>\n<td>Comit\u00e9 agua potable rural Pocochay<\/td>\n<td>Llamado a elecci\u00f3n<\/td>\n<td>14 de junio de 2025 desde las 9:00 a 16:00 hrs<\/td>\n<td>Pedro Aguirre Cerda parcela 12 Oficina APR<\/td>\n<\/tr>\n<tr>\n<td>Boulevard crucino<\/td>\n<td>Llamado a elecci\u00f3n<\/td>\n<td>13 de junio de 2025 desde 15:30 a 19:00 hrs<\/td>\n<td>JM Flores 11<\/td>\n<\/tr>\n<tr>\n<td>Comit\u00e9 de administraci\u00f3n Villa Quinta Merced<\/td>\n<td>Llamado a elecci\u00f3n<\/td>\n<td>06 de junio desde 18:00 a 19:30 hrs y 07 de junio desde 11:00 a 12:30 hrs<\/td>\n<td>sede comunitaria Villa Quinta Merced<\/td>\n<\/tr>\n<tr>\n<td>Club deportivo Jocelyn<\/td>\n<td>Llamado a elecci\u00f3n<\/td>\n<td>01 de junio de 2025 desde las 12:00 a 18:00 hrs<\/td>\n<td>sede Club deportivo Jocelyn<\/td>\n<\/tr>\n<tr>\n<td>Junta de vecinos N\u00b05 El Baj\u00edo<\/td>\n<td>Llamado a elecci\u00f3n<\/td>\n<td>17 de mayo de 2025 desde 15:30 a 20:30 hrs<\/td>\n<td>sede Villarrica 14<\/td>\n<\/tr>\n<tr>\n<td>Junta de vecinos N\u00b05 El Baj\u00edo<\/td>\n<td>Llamado a elecci\u00f3n<\/td>\n<td>03 de mayo de 2025 desde las 15:30 a las 20:30 hrs<\/td>\n<td>sede Villarrica 14<\/td>\n<\/tr>\n<tr>\n<td>Club adulto mayor Los a\u00f1os dorados<\/td>\n<td>Llamado a elecci\u00f3n<\/td>\n<td>03 de mayo de 2025 desde las 10:00 hasta las 12:00 hrs<\/td>\n<td>Sede junta de vecinos villa las americas, pasaje costa rica<\/td>\n<\/tr>\n<tr>\n<td>APR Lo Rojas<\/td>\n<td>Llamado a elecci\u00f3n<\/td>\n<td>31 de mayo de 2025 desde las 13:00 a las 15:30 hrs<\/td>\n<td>oficina APR J. Alessandri sitio 6-6<\/td>\n<\/tr>\n<tr>\n<td>Centro religioso y cultural Mar\u00eda auxiliadora<\/td>\n<td>Llamado a elecci\u00f3n<\/td>\n<td>29 de mayo de 2025 desde las 16:30 a 19:00 hrs<\/td>\n<td>Club deportivo Jocelyn<\/td>\n<\/tr>\n<tr>\n<td>Club adulto mayor Padre Ramiro Avalos<\/td>\n<td>Llamado a elecci\u00f3n<\/td>\n<td>25 de abril de 2025 desde las 15:30 a las 18:00 hrs<\/td>\n<td>calle 4 N\u00b072<\/td>\n<\/tr>\n<tr>\n<td>Junta de vecinos N\u00b014 Lo Rojas<\/td>\n<td>Llamado a elecci\u00f3n<\/td>\n<td>26 de abril de 2025 de 10:00 a 14:00 hrs<\/td>\n<td>Colegio de Lo Rojas<\/td>\n<\/tr>\n<tr>\n<td>Club deportivo La Cruz Volley<\/td>\n<td>Llamado a elecci\u00f3n<\/td>\n<td>12 de abril de 2025 de 18 a 21 hrs<\/td>\n<td>Calle Sergio Jorquera N\u00b0 42 Villa El Bosque<\/td>\n<\/tr>\n<tr>\n<td>Bienestar para la mujer actual<\/td>\n<td>Llamado a elecci\u00f3n<\/td>\n<td>28 de marzo de 2025 de 09 a 12 hrs<\/td>\n<td>Gimnasio Municipal<\/td>\n<\/tr>\n<tr>\n<td>Junta de vecinos Pedro Aguirre Cerda<\/td>\n<td>Llamado a elecci\u00f3n<\/td>\n<td>15 de marzo de 2025 de 16 a 19 hrs<\/td>\n<td>Caracoles 12, La Cruz<\/td>\n<\/tr>\n<\/tbody>\n<\/table>\n<\/div>\n<span lang=\"ES-MX\">\u00a0<\/span>\t\t\t\t\t\t\t\t<\/div>\n\t\t\t\t<\/div>\n\t\t\t\t\t<\/div>\n\t\t<\/div>\n\t\t\t\t\t<\/div>\n\t\t<\/section>\n\t\t\t\t<\/div>\n\t\t","protected":false},"excerpt":{"rendered":"<p>Organizaciones Comunitarias por una identidad con valores humanos y talento en comunidad LLAMADO A\u00a0PROCESOS ELECTORALES JUNTAS DE\u00a0VECINOS Y DEM\u00c1S ORGANIZACIONES COMUNITARIAS\u00a0 &nbsp; Nombre Organizaci\u00f3n Materia Fecha Elecci\u00f3n Lugar Elecci\u00f3n Organizaci\u00f3n directiva comit\u00e9 administraci\u00f3n residencia Terracruz Llamado a elecci\u00f3n 09 de Mayo de 2026 desde 16:00 a 18:30 horas pasaje Pablo Picasso N\u00b015 Organizaci\u00f3n Club deportivo [&hellip;]<\/p>\n","protected":false},"author":6,"featured_media":6772,"parent":0,"menu_order":0,"comment_status":"closed","ping_status":"closed","template":"elementor_header_footer","meta":{"site-sidebar-layout":"no-sidebar","site-content-layout":"page-builder","ast-site-content-layout":"full-width-container","site-content-style":"unboxed","site-sidebar-style":"unboxed","ast-global-header-display":"","ast-banner-title-visibility":"","ast-main-header-display":"","ast-hfb-above-header-display":"","ast-hfb-below-header-display":"","ast-hfb-mobile-header-display":"","site-post-title":"","ast-breadcrumbs-content":"","ast-featured-img":"disabled","footer-sml-layout":"","ast-disable-related-posts":"","theme-transparent-header-meta":"","adv-header-id-meta":"","stick-header-meta":"","header-above-stick-meta":"","header-main-stick-meta":"","header-below-stick-meta":"","astra-migrate-meta-layouts":"set","ast-page-background-enabled":"default","ast-page-background-meta":{"desktop":{"background-color":"var(--ast-global-color-4)","background-image":"","background-repeat":"repeat","background-position":"center center","background-size":"auto","background-attachment":"scroll","background-type":"","background-media":"","overlay-type":"","overlay-color":"","overlay-opacity":"","overlay-gradient":""},"tablet":{"background-color":"","background-image":"","background-repeat":"repeat","background-position":"center center","background-size":"auto","background-attachment":"scroll","background-type":"","background-media":"","overlay-type":"","overlay-color":"","overlay-opacity":"","overlay-gradient":""},"mobile":{"background-color":"","background-image":"","background-repeat":"repeat","background-position":"center center","background-size":"auto","background-attachment":"scroll","background-type":"","background-media":"","overlay-type":"","overlay-color":"","overlay-opacity":"","overlay-gradient":""}},"ast-content-background-meta":{"desktop":{"background-color":"var(--ast-global-color-5)","background-image":"","background-repeat":"repeat","background-position":"center center","background-size":"auto","background-attachment":"scroll","background-type":"","background-media":"","overlay-type":"","overlay-color":"","overlay-opacity":"","overlay-gradient":""},"tablet":{"background-color":"var(--ast-global-color-5)","background-image":"","background-repeat":"repeat","background-position":"center center","background-size":"auto","background-attachment":"scroll","background-type":"","background-media":"","overlay-type":"","overlay-color":"","overlay-opacity":"","overlay-gradient":""},"mobile":{"background-color":"var(--ast-global-color-5)","background-image":"","background-repeat":"repeat","background-position":"center center","background-size":"auto","background-attachment":"scroll","background-type":"","background-media":"","overlay-type":"","overlay-color":"","overlay-opacity":"","overlay-gradient":""}},"footnotes":""},"class_list":["post-5555","page","type-page","status-publish","has-post-thumbnail","hentry"],"_links":{"self":[{"href":"https:\/\/lacruz.cl\/a94a8fe5\/wp-json\/wp\/v2\/pages\/5555","targetHints":{"allow":["GET"]}}],"collection":[{"href":"https:\/\/lacruz.cl\/a94a8fe5\/wp-json\/wp\/v2\/pages"}],"about":[{"href":"https:\/\/lacruz.cl\/a94a8fe5\/wp-json\/wp\/v2\/types\/page"}],"author":[{"embeddable":true,"href":"https:\/\/lacruz.cl\/a94a8fe5\/wp-json\/wp\/v2\/users\/6"}],"replies":[{"embeddable":true,"href":"https:\/\/lacruz.cl\/a94a8fe5\/wp-json\/wp\/v2\/comments?post=5555"}],"version-history":[{"count":178,"href":"https:\/\/lacruz.cl\/a94a8fe5\/wp-json\/wp\/v2\/pages\/5555\/revisions"}],"predecessor-version":[{"id":16178,"href":"https:\/\/lacruz.cl\/a94a8fe5\/wp-json\/wp\/v2\/pages\/5555\/revisions\/16178"}],"wp:featuredmedia":[{"embeddable":true,"href":"https:\/\/lacruz.cl\/a94a8fe5\/wp-json\/wp\/v2\/media\/6772"}],"wp:attachment":[{"href":"https:\/\/lacruz.cl\/a94a8fe5\/wp-json\/wp\/v2\/media?parent=5555"}],"curies":[{"name":"wp","href":"https:\/\/api.w.org\/{rel}","templated":true}]}}