{"id":438,"date":"2021-08-19T21:01:25","date_gmt":"2021-08-20T01:01:25","guid":{"rendered":"https:\/\/lacruz.cl\/a94a8fe5\/?page_id=438"},"modified":"2026-04-14T15:04:32","modified_gmt":"2026-04-14T19:04:32","slug":"centro-cultural","status":"publish","type":"page","link":"https:\/\/lacruz.cl\/a94a8fe5\/cultura\/centro-cultural\/","title":{"rendered":"Multiespacio La Iglesia"},"content":{"rendered":"\t\t<div data-elementor-type=\"wp-page\" data-elementor-id=\"438\" class=\"elementor elementor-438\" data-elementor-post-type=\"page\">\n\t\t\t\t\t\t<section class=\"elementor-section elementor-top-section elementor-element elementor-element-50e1d2f9 elementor-section-content-middle elementor-section-boxed elementor-section-height-default elementor-section-height-default\" data-id=\"50e1d2f9\" data-element_type=\"section\" data-e-type=\"section\" data-settings=\"{&quot;background_background&quot;:&quot;classic&quot;}\">\n\t\t\t\t\t\t\t<div class=\"elementor-background-overlay\"><\/div>\n\t\t\t\t\t\t\t<div class=\"elementor-container elementor-column-gap-no\">\n\t\t\t\t\t<div class=\"elementor-column elementor-col-100 elementor-top-column elementor-element elementor-element-15aebad7\" data-id=\"15aebad7\" data-element_type=\"column\" data-e-type=\"column\">\n\t\t\t<div class=\"elementor-widget-wrap elementor-element-populated\">\n\t\t\t\t\t\t<div class=\"elementor-element elementor-element-4cc5f253 elementor-widget elementor-widget-heading\" data-id=\"4cc5f253\" data-element_type=\"widget\" data-e-type=\"widget\" data-widget_type=\"heading.default\">\n\t\t\t\t<div class=\"elementor-widget-container\">\n\t\t\t\t\t<h4 class=\"elementor-heading-title elementor-size-default\">Unidad de las Culturas<\/h4>\t\t\t\t<\/div>\n\t\t\t\t<\/div>\n\t\t\t\t<div class=\"elementor-element elementor-element-6b6f89c9 elementor-widget elementor-widget-heading\" data-id=\"6b6f89c9\" data-element_type=\"widget\" data-e-type=\"widget\" data-widget_type=\"heading.default\">\n\t\t\t\t<div class=\"elementor-widget-container\">\n\t\t\t\t\t<h5 class=\"elementor-heading-title elementor-size-default\">Multiespacio la iglesia<\/h5>\t\t\t\t<\/div>\n\t\t\t\t<\/div>\n\t\t\t\t\t<\/div>\n\t\t<\/div>\n\t\t\t\t\t<\/div>\n\t\t<\/section>\n\t\t\t\t<section class=\"elementor-section elementor-top-section elementor-element elementor-element-548fd7d elementor-section-content-middle elementor-section-boxed elementor-section-height-default elementor-section-height-default\" data-id=\"548fd7d\" data-element_type=\"section\" data-e-type=\"section\">\n\t\t\t\t\t\t<div class=\"elementor-container elementor-column-gap-no\">\n\t\t\t\t\t<div class=\"elementor-column elementor-col-33 elementor-top-column elementor-element elementor-element-daa3fa8\" data-id=\"daa3fa8\" data-element_type=\"column\" data-e-type=\"column\">\n\t\t\t<div class=\"elementor-widget-wrap elementor-element-populated\">\n\t\t\t\t\t\t<div class=\"elementor-element elementor-element-6db2b349 elementor-widget elementor-widget-text-editor\" data-id=\"6db2b349\" data-element_type=\"widget\" data-e-type=\"widget\" data-widget_type=\"text-editor.default\">\n\t\t\t\t<div class=\"elementor-widget-container\">\n\t\t\t\t\t\t\t\t\t<p>\u00bfQu\u00e9 es?<\/p>\t\t\t\t\t\t\t\t<\/div>\n\t\t\t\t<\/div>\n\t\t\t\t<div class=\"elementor-element elementor-element-1191f925 elementor-widget elementor-widget-heading\" data-id=\"1191f925\" data-element_type=\"widget\" data-e-type=\"widget\" data-widget_type=\"heading.default\">\n\t\t\t\t<div class=\"elementor-widget-container\">\n\t\t\t\t\t<h3 class=\"elementor-heading-title elementor-size-default\">Unidad de las Culturas<\/h3>\t\t\t\t<\/div>\n\t\t\t\t<\/div>\n\t\t\t\t<div class=\"elementor-element elementor-element-2dffe390 elementor-widget elementor-widget-image\" data-id=\"2dffe390\" data-element_type=\"widget\" data-e-type=\"widget\" data-widget_type=\"image.default\">\n\t\t\t\t<div class=\"elementor-widget-container\">\n\t\t\t\t\t\t\t\t\t\t\t\t\t\t\t<img loading=\"lazy\" decoding=\"async\" width=\"506\" height=\"626\" src=\"https:\/\/lacruz.cl\/a94a8fe5\/wp-content\/uploads\/2021\/08\/Captura-de-Pantalla-2021-08-25-a-las-12.42.51.png\" class=\"elementor-animation-grow attachment-large size-large wp-image-479\" alt=\"\" srcset=\"https:\/\/lacruz.cl\/a94a8fe5\/wp-content\/uploads\/2021\/08\/Captura-de-Pantalla-2021-08-25-a-las-12.42.51.png 506w, https:\/\/lacruz.cl\/a94a8fe5\/wp-content\/uploads\/2021\/08\/Captura-de-Pantalla-2021-08-25-a-las-12.42.51-242x300.png 242w\" sizes=\"auto, (max-width: 506px) 100vw, 506px\" \/>\t\t\t\t\t\t\t\t\t\t\t\t\t\t\t<\/div>\n\t\t\t\t<\/div>\n\t\t\t\t\t<\/div>\n\t\t<\/div>\n\t\t\t\t<div class=\"elementor-column elementor-col-33 elementor-top-column elementor-element elementor-element-38ea272c\" data-id=\"38ea272c\" data-element_type=\"column\" data-e-type=\"column\">\n\t\t\t<div class=\"elementor-widget-wrap elementor-element-populated\">\n\t\t\t\t\t\t<div class=\"elementor-element elementor-element-606bd6b5 elementor-widget elementor-widget-image\" data-id=\"606bd6b5\" data-element_type=\"widget\" data-e-type=\"widget\" data-widget_type=\"image.default\">\n\t\t\t\t<div class=\"elementor-widget-container\">\n\t\t\t\t\t\t\t\t\t\t\t\t\t\t\t<img loading=\"lazy\" decoding=\"async\" width=\"1024\" height=\"1024\" src=\"https:\/\/lacruz.cl\/a94a8fe5\/wp-content\/uploads\/2021\/08\/WhatsApp-Image-2021-08-26-at-10.52.39-AM-1024x1024.jpeg\" class=\"elementor-animation-grow attachment-large size-large wp-image-562\" alt=\"\" srcset=\"https:\/\/lacruz.cl\/a94a8fe5\/wp-content\/uploads\/2021\/08\/WhatsApp-Image-2021-08-26-at-10.52.39-AM-1024x1024.jpeg 1024w, https:\/\/lacruz.cl\/a94a8fe5\/wp-content\/uploads\/2021\/08\/WhatsApp-Image-2021-08-26-at-10.52.39-AM-300x300.jpeg 300w, https:\/\/lacruz.cl\/a94a8fe5\/wp-content\/uploads\/2021\/08\/WhatsApp-Image-2021-08-26-at-10.52.39-AM-150x150.jpeg 150w, https:\/\/lacruz.cl\/a94a8fe5\/wp-content\/uploads\/2021\/08\/WhatsApp-Image-2021-08-26-at-10.52.39-AM-768x768.jpeg 768w, https:\/\/lacruz.cl\/a94a8fe5\/wp-content\/uploads\/2021\/08\/WhatsApp-Image-2021-08-26-at-10.52.39-AM.jpeg 1280w\" sizes=\"auto, (max-width: 1024px) 100vw, 1024px\" \/>\t\t\t\t\t\t\t\t\t\t\t\t\t\t\t<\/div>\n\t\t\t\t<\/div>\n\t\t\t\t<div class=\"elementor-element elementor-element-17619da elementor-widget elementor-widget-text-editor\" data-id=\"17619da\" data-element_type=\"widget\" data-e-type=\"widget\" data-widget_type=\"text-editor.default\">\n\t\t\t\t<div class=\"elementor-widget-container\">\n\t\t\t\t\t\t\t\t\t<p>La Unidad de Cultura de la Ilustre Municipalidad de La Cruz tiene como misi\u00f3n promover el acceso equitativo a la cultura, fortalecer la identidad local y fomentar la participaci\u00f3n activa de la comunidad en la vida cultural de la comuna. A trav\u00e9s del desarrollo de talleres art\u00edsticos permanentes y formativos, la gesti\u00f3n y programaci\u00f3n cultural, el fomento del turismo cultural y el trabajo articulado con la Biblioteca P\u00fablica Municipal, la unidad impulsa espacios de creaci\u00f3n, aprendizaje, encuentro y valoraci\u00f3n del patrimonio material e inmaterial.<\/p><p>\u00a0<\/p><p>Su quehacer se orienta a ni\u00f1as, ni\u00f1os, j\u00f3venes, personas adultas y mayores, apoyando a artistas, creadores y organizaciones culturales locales, y entendiendo la cultura como un derecho, una herramienta de cohesi\u00f3n social y un motor de desarrollo comunitario. Desde una mirada participativa y territorial, la Unidad de Cultura trabaja para que La Cruz sea una comuna viva culturalmente, con oportunidades de acceso, formaci\u00f3n y disfrute para todas y todos.<\/p>\t\t\t\t\t\t\t\t<\/div>\n\t\t\t\t<\/div>\n\t\t\t\t\t<\/div>\n\t\t<\/div>\n\t\t\t\t<div class=\"elementor-column elementor-col-33 elementor-top-column elementor-element elementor-element-606c1f4c\" data-id=\"606c1f4c\" data-element_type=\"column\" data-e-type=\"column\">\n\t\t\t<div class=\"elementor-widget-wrap elementor-element-populated\">\n\t\t\t\t\t\t<div class=\"elementor-element elementor-element-5be61d0 elementor-widget elementor-widget-image\" data-id=\"5be61d0\" data-element_type=\"widget\" data-e-type=\"widget\" data-widget_type=\"image.default\">\n\t\t\t\t<div class=\"elementor-widget-container\">\n\t\t\t\t\t\t\t\t\t\t\t\t\t\t\t<img loading=\"lazy\" decoding=\"async\" width=\"994\" height=\"1234\" src=\"https:\/\/lacruz.cl\/a94a8fe5\/wp-content\/uploads\/2021\/08\/Captura-de-Pantalla-2021-08-25-a-las-12.47.08.png\" class=\"elementor-animation-grow attachment-full size-full wp-image-481\" alt=\"\" srcset=\"https:\/\/lacruz.cl\/a94a8fe5\/wp-content\/uploads\/2021\/08\/Captura-de-Pantalla-2021-08-25-a-las-12.47.08.png 994w, https:\/\/lacruz.cl\/a94a8fe5\/wp-content\/uploads\/2021\/08\/Captura-de-Pantalla-2021-08-25-a-las-12.47.08-242x300.png 242w, https:\/\/lacruz.cl\/a94a8fe5\/wp-content\/uploads\/2021\/08\/Captura-de-Pantalla-2021-08-25-a-las-12.47.08-825x1024.png 825w, https:\/\/lacruz.cl\/a94a8fe5\/wp-content\/uploads\/2021\/08\/Captura-de-Pantalla-2021-08-25-a-las-12.47.08-768x953.png 768w\" sizes=\"auto, (max-width: 994px) 100vw, 994px\" \/>\t\t\t\t\t\t\t\t\t\t\t\t\t\t\t<\/div>\n\t\t\t\t<\/div>\n\t\t\t\t\t<\/div>\n\t\t<\/div>\n\t\t\t\t\t<\/div>\n\t\t<\/section>\n\t\t\t\t<section class=\"elementor-section elementor-top-section elementor-element elementor-element-14cdf65c elementor-section-content-middle elementor-section-boxed elementor-section-height-default elementor-section-height-default\" data-id=\"14cdf65c\" data-element_type=\"section\" data-e-type=\"section\">\n\t\t\t\t\t\t<div class=\"elementor-container elementor-column-gap-no\">\n\t\t\t\t\t<div class=\"elementor-column elementor-col-100 elementor-top-column elementor-element elementor-element-30a36fe7\" data-id=\"30a36fe7\" data-element_type=\"column\" data-e-type=\"column\">\n\t\t\t<div class=\"elementor-widget-wrap elementor-element-populated\">\n\t\t\t\t\t\t<div class=\"elementor-element elementor-element-6ab4bf14 elementor-widget elementor-widget-heading\" data-id=\"6ab4bf14\" data-element_type=\"widget\" data-e-type=\"widget\" data-widget_type=\"heading.default\">\n\t\t\t\t<div class=\"elementor-widget-container\">\n\t\t\t\t\t<h2 class=\"elementor-heading-title elementor-size-default\">Todo sobre nuestros talleres culturales<\/h2>\t\t\t\t<\/div>\n\t\t\t\t<\/div>\n\t\t\t\t<div class=\"elementor-element elementor-element-52dbaa7 elementor-widget elementor-widget-heading\" data-id=\"52dbaa7\" data-element_type=\"widget\" data-e-type=\"widget\" data-widget_type=\"heading.default\">\n\t\t\t\t<div class=\"elementor-widget-container\">\n\t\t\t\t\t<h5 class=\"elementor-heading-title elementor-size-default\">Te respondemos algunas de las preguntas m\u00e1s comunes<\/h5>\t\t\t\t<\/div>\n\t\t\t\t<\/div>\n\t\t\t\t<section class=\"elementor-section elementor-inner-section elementor-element elementor-element-765bc47e elementor-section-content-top elementor-section-boxed elementor-section-height-default elementor-section-height-default\" data-id=\"765bc47e\" data-element_type=\"section\" data-e-type=\"section\">\n\t\t\t\t\t\t<div class=\"elementor-container elementor-column-gap-no\">\n\t\t\t\t\t<div class=\"elementor-column elementor-col-100 elementor-inner-column elementor-element elementor-element-43e1fa31\" data-id=\"43e1fa31\" data-element_type=\"column\" data-e-type=\"column\">\n\t\t\t<div class=\"elementor-widget-wrap\">\n\t\t\t\t\t\t\t<\/div>\n\t\t<\/div>\n\t\t\t\t\t<\/div>\n\t\t<\/section>\n\t\t\t\t<section class=\"elementor-section elementor-inner-section elementor-element elementor-element-4bd4ce37 elementor-section-content-top elementor-section-boxed elementor-section-height-default elementor-section-height-default\" data-id=\"4bd4ce37\" data-element_type=\"section\" data-e-type=\"section\">\n\t\t\t\t\t\t<div class=\"elementor-container elementor-column-gap-no\">\n\t\t\t\t\t<div class=\"elementor-column elementor-col-50 elementor-inner-column elementor-element elementor-element-1f52338b\" data-id=\"1f52338b\" data-element_type=\"column\" data-e-type=\"column\">\n\t\t\t<div class=\"elementor-widget-wrap elementor-element-populated\">\n\t\t\t\t\t\t<div class=\"elementor-element elementor-element-6aeb3e80 elementor-widget elementor-widget-heading\" data-id=\"6aeb3e80\" data-element_type=\"widget\" data-e-type=\"widget\" data-widget_type=\"heading.default\">\n\t\t\t\t<div class=\"elementor-widget-container\">\n\t\t\t\t\t<h4 class=\"elementor-heading-title elementor-size-default\">\u00bfQu\u00e9 ofrece ?<span style=\"font-style: inherit\"><\/span><br><\/h4>\t\t\t\t<\/div>\n\t\t\t\t<\/div>\n\t\t\t\t<div class=\"elementor-element elementor-element-6473dc66 elementor-widget elementor-widget-text-editor\" data-id=\"6473dc66\" data-element_type=\"widget\" data-e-type=\"widget\" data-widget_type=\"text-editor.default\">\n\t\t\t\t<div class=\"elementor-widget-container\">\n\t\t\t\t\t\t\t\t\t<p>Los Talleres Culturales de la Ilustre Municipalidad de La Cruz son espacios formativos y participativos abiertos a la comunidad, orientados a promover la creatividad, la expresi\u00f3n art\u00edstica y el acceso equitativo a la cultura. Est\u00e1n dirigidos a ni\u00f1as, ni\u00f1os, j\u00f3venes, personas adultas y mayores, y abarcan diversas disciplinas como artes esc\u00e9nicas, m\u00fasica, danza, artes visuales, oficios creativos y propuestas inclusivas.<\/p><p>\u00a0<\/p><p>A trav\u00e9s de una programaci\u00f3n anual de talleres permanentes y de instancias formativas temporales, se busca fortalecer el talento local, generar espacios de encuentro comunitario y contribuir al desarrollo cultural de la comuna, entendiendo el aprendizaje art\u00edstico como una herramienta de bienestar, participaci\u00f3n y construcci\u00f3n de identidad colectiva.<\/p>\t\t\t\t\t\t\t\t<\/div>\n\t\t\t\t<\/div>\n\t\t\t\t\t<\/div>\n\t\t<\/div>\n\t\t\t\t<div class=\"elementor-column elementor-col-50 elementor-inner-column elementor-element elementor-element-46945503\" data-id=\"46945503\" data-element_type=\"column\" data-e-type=\"column\">\n\t\t\t<div class=\"elementor-widget-wrap elementor-element-populated\">\n\t\t\t\t\t\t<div class=\"elementor-element elementor-element-256b071c elementor-widget elementor-widget-heading\" data-id=\"256b071c\" data-element_type=\"widget\" data-e-type=\"widget\" data-widget_type=\"heading.default\">\n\t\t\t\t<div class=\"elementor-widget-container\">\n\t\t\t\t\t<h4 class=\"elementor-heading-title elementor-size-default\">\u00bfD\u00f3nde est\u00e1 ubicado ?<span style=\"font-style: inherit\"><\/span><br><\/h4>\t\t\t\t<\/div>\n\t\t\t\t<\/div>\n\t\t\t\t<div class=\"elementor-element elementor-element-60c45187 elementor-widget elementor-widget-text-editor\" data-id=\"60c45187\" data-element_type=\"widget\" data-e-type=\"widget\" data-widget_type=\"text-editor.default\">\n\t\t\t\t<div class=\"elementor-widget-container\">\n\t\t\t\t\t\t\t\t\t<p><span style=\"font-weight: 400;\">Av. 21 de Mayo #5625, paradero 18 \u00bd.<\/span><br \/><br \/><strong>Horarios de atenci\u00f3n<\/strong>: 9:00 a 17:00 hrs.<br \/><br \/><strong>Correo de contacto:<\/strong> <a href=\"tel:+56978930648\">cultura@lacruz.cl<\/a><\/p>\t\t\t\t\t\t\t\t<\/div>\n\t\t\t\t<\/div>\n\t\t\t\t\t<\/div>\n\t\t<\/div>\n\t\t\t\t\t<\/div>\n\t\t<\/section>\n\t\t\t\t\t<\/div>\n\t\t<\/div>\n\t\t\t\t\t<\/div>\n\t\t<\/section>\n\t\t\t\t<section class=\"elementor-section elementor-top-section elementor-element elementor-element-4be16555 elementor-section-content-middle elementor-section-boxed elementor-section-height-default elementor-section-height-default\" data-id=\"4be16555\" data-element_type=\"section\" data-e-type=\"section\">\n\t\t\t\t\t\t<div class=\"elementor-container elementor-column-gap-no\">\n\t\t\t\t\t<div class=\"elementor-column elementor-col-50 elementor-top-column elementor-element elementor-element-2ec6d7ef\" data-id=\"2ec6d7ef\" data-element_type=\"column\" data-e-type=\"column\">\n\t\t\t<div class=\"elementor-widget-wrap elementor-element-populated\">\n\t\t\t\t\t\t<div class=\"elementor-element elementor-element-3516e01e elementor-vertical-align-middle elementor-widget elementor-widget-image-box\" data-id=\"3516e01e\" data-element_type=\"widget\" data-e-type=\"widget\" data-widget_type=\"image-box.default\">\n\t\t\t\t<div class=\"elementor-widget-container\">\n\t\t\t\t\t<div class=\"elementor-image-box-wrapper\"><div class=\"elementor-image-box-content\"><h3 class=\"elementor-image-box-title\"><a href=\"mailto:centro.cultural@lacruz.cl\">Salvador Esp\u00edndola<\/a><\/h3><p class=\"elementor-image-box-description\">cultura@lacruz.cl<\/p><\/div><\/div>\t\t\t\t<\/div>\n\t\t\t\t<\/div>\n\t\t\t\t<div class=\"elementor-element elementor-element-2fa3bab8 e-grid-align-mobile-center elementor-shape-rounded elementor-grid-0 e-grid-align-center elementor-widget elementor-widget-social-icons\" data-id=\"2fa3bab8\" data-element_type=\"widget\" data-e-type=\"widget\" data-widget_type=\"social-icons.default\">\n\t\t\t\t<div class=\"elementor-widget-container\">\n\t\t\t\t\t\t\t<div class=\"elementor-social-icons-wrapper elementor-grid\">\n\t\t\t\t\t\t\t<span class=\"elementor-grid-item\">\n\t\t\t\t\t<a class=\"elementor-icon elementor-social-icon elementor-social-icon-facebook-f elementor-repeater-item-8d68dc7\" href=\"https:\/\/www.facebook.com\/LACRUZ.CL\/?locale=es_LA\" target=\"_blank\">\n\t\t\t\t\t\t<span class=\"elementor-screen-only\">Facebook-f<\/span>\n\t\t\t\t\t\t<i aria-hidden=\"true\" class=\"fab fa-facebook-f\"><\/i>\t\t\t\t\t<\/a>\n\t\t\t\t<\/span>\n\t\t\t\t\t<\/div>\n\t\t\t\t\t\t<\/div>\n\t\t\t\t<\/div>\n\t\t\t\t\t<\/div>\n\t\t<\/div>\n\t\t\t\t<div class=\"elementor-column elementor-col-50 elementor-top-column elementor-element elementor-element-26412fd5\" data-id=\"26412fd5\" data-element_type=\"column\" data-e-type=\"column\">\n\t\t\t<div class=\"elementor-widget-wrap elementor-element-populated\">\n\t\t\t\t\t\t<div class=\"elementor-element elementor-element-5f82344f elementor-widget elementor-widget-text-editor\" data-id=\"5f82344f\" data-element_type=\"widget\" data-e-type=\"widget\" data-widget_type=\"text-editor.default\">\n\t\t\t\t<div class=\"elementor-widget-container\">\n\t\t\t\t\t\t\t\t\t<p>Desde la Unidad de Cultura de la Ilustre Municipalidad de La Cruz trabajamos al servicio de nuestra comunidad, convencidos de que la cultura es un derecho y un pilar fundamental para el desarrollo de nuestra comuna. Nuestro Compromiso es democratizar el acceso a la cultura, fortalecer la identidad local y generar espacios de participaci\u00f3n, creaci\u00f3n y encuentro para vecinas y vecinos de todas las edades. Creemos en una cultura viva, cercana y construida junto a la comunidad, que aporte a bienestar, la cohesi\u00f3n social y al crecimiento integral de La Cruz<\/p>\t\t\t\t\t\t\t\t<\/div>\n\t\t\t\t<\/div>\n\t\t\t\t\t<\/div>\n\t\t<\/div>\n\t\t\t\t\t<\/div>\n\t\t<\/section>\n\t\t\t\t<section class=\"elementor-section elementor-top-section elementor-element elementor-element-e02645a elementor-section-boxed elementor-section-height-default elementor-section-height-default\" data-id=\"e02645a\" data-element_type=\"section\" data-e-type=\"section\">\n\t\t\t\t\t\t<div class=\"elementor-container elementor-column-gap-default\">\n\t\t\t\t\t<div class=\"elementor-column elementor-col-100 elementor-top-column elementor-element elementor-element-1a617d0\" data-id=\"1a617d0\" data-element_type=\"column\" data-e-type=\"column\">\n\t\t\t<div class=\"elementor-widget-wrap elementor-element-populated\">\n\t\t\t\t\t\t<div class=\"elementor-element elementor-element-a94c9f2 elementor-widget elementor-widget-heading\" data-id=\"a94c9f2\" data-element_type=\"widget\" data-e-type=\"widget\" data-widget_type=\"heading.default\">\n\t\t\t\t<div class=\"elementor-widget-container\">\n\t\t\t\t\t<h4 class=\"elementor-heading-title elementor-size-default\">Exposiciones<\/h4>\t\t\t\t<\/div>\n\t\t\t\t<\/div>\n\t\t\t\t\t<\/div>\n\t\t<\/div>\n\t\t\t\t\t<\/div>\n\t\t<\/section>\n\t\t\t\t<section class=\"elementor-section elementor-top-section elementor-element elementor-element-c0160f0 elementor-section-content-top elementor-section-full_width elementor-section-height-default elementor-section-height-default\" data-id=\"c0160f0\" data-element_type=\"section\" data-e-type=\"section\">\n\t\t\t\t\t\t<div class=\"elementor-container elementor-column-gap-no\">\n\t\t\t\t\t<div class=\"elementor-column elementor-col-100 elementor-top-column elementor-element elementor-element-a5c24b7\" data-id=\"a5c24b7\" data-element_type=\"column\" data-e-type=\"column\">\n\t\t\t<div class=\"elementor-widget-wrap elementor-element-populated\">\n\t\t\t\t\t\t<div class=\"elementor-element elementor-element-370364a elementor-posts__hover-none elementor-grid-4 elementor-grid-tablet-2 elementor-grid-mobile-1 elementor-posts--thumbnail-top elementor-card-shadow-yes load-more-align-center elementor-widget elementor-widget-posts\" data-id=\"370364a\" data-element_type=\"widget\" data-e-type=\"widget\" data-settings=\"{&quot;pagination_type&quot;:&quot;load_more_on_click&quot;,&quot;cards_row_gap&quot;:{&quot;unit&quot;:&quot;px&quot;,&quot;size&quot;:30,&quot;sizes&quot;:[]},&quot;cards_columns&quot;:&quot;4&quot;,&quot;cards_columns_tablet&quot;:&quot;2&quot;,&quot;cards_columns_mobile&quot;:&quot;1&quot;,&quot;cards_row_gap_tablet&quot;:{&quot;unit&quot;:&quot;px&quot;,&quot;size&quot;:&quot;&quot;,&quot;sizes&quot;:[]},&quot;cards_row_gap_mobile&quot;:{&quot;unit&quot;:&quot;px&quot;,&quot;size&quot;:&quot;&quot;,&quot;sizes&quot;:[]},&quot;load_more_spinner&quot;:{&quot;value&quot;:&quot;fas fa-spinner&quot;,&quot;library&quot;:&quot;fa-solid&quot;}}\" data-widget_type=\"posts.cards\">\n\t\t\t\t<div class=\"elementor-widget-container\">\n\t\t\t\t\t\t\t<div class=\"elementor-posts-container elementor-posts elementor-posts--skin-cards elementor-grid\">\n\t\t\t\t<article class=\"elementor-post elementor-grid-item post-12391 post type-post status-publish format-standard has-post-thumbnail hentry category-concurso category-cultura category-deporte category-dideco category-estacion-la-cruz category-exposiciones category-inscripciones category-noticias category-oficina-local-de-la-ninez category-salud category-transporte\">\n\t\t\t<div class=\"elementor-post__card\">\n\t\t\t\t<a class=\"elementor-post__thumbnail__link\" href=\"https:\/\/lacruz.cl\/a94a8fe5\/noticias\/bases-del-concurso-publico-cargo-director-de-direccion-de-transito\/\" tabindex=\"-1\" ><div class=\"elementor-post__thumbnail\"><img loading=\"lazy\" decoding=\"async\" width=\"612\" height=\"480\" src=\"https:\/\/lacruz.cl\/a94a8fe5\/wp-content\/uploads\/2024\/09\/logo-muni.png\" class=\"attachment-full size-full wp-image-11851\" alt=\"\" srcset=\"https:\/\/lacruz.cl\/a94a8fe5\/wp-content\/uploads\/2024\/09\/logo-muni.png 612w, https:\/\/lacruz.cl\/a94a8fe5\/wp-content\/uploads\/2024\/09\/logo-muni-300x235.png 300w\" sizes=\"auto, (max-width: 612px) 100vw, 612px\" \/><\/div><\/a>\n\t\t\t\t<div class=\"elementor-post__text\">\n\t\t\t\t<h4 class=\"elementor-post__title\">\n\t\t\t<a href=\"https:\/\/lacruz.cl\/a94a8fe5\/noticias\/bases-del-concurso-publico-cargo-director-de-direccion-de-transito\/\" >\n\t\t\t\tBases del concurso p\u00fablico cargo Director de Direcci\u00f3n de Tr\u00e1nsito\t\t\t<\/a>\n\t\t<\/h4>\n\t\t\t\t<div class=\"elementor-post__excerpt\">\n\t\t\t\t\t<\/div>\n\t\t\t\t<\/div>\n\t\t\t\t\t<\/div>\n\t\t<\/article>\n\t\t\t\t<article class=\"elementor-post elementor-grid-item post-4456 post type-post status-publish format-standard has-post-thumbnail hentry category-exposiciones\">\n\t\t\t<div class=\"elementor-post__card\">\n\t\t\t\t<a class=\"elementor-post__thumbnail__link\" href=\"https:\/\/lacruz.cl\/a94a8fe5\/exposiciones\/entre-nubes-crucinas\/\" tabindex=\"-1\" ><div class=\"elementor-post__thumbnail\"><img loading=\"lazy\" decoding=\"async\" width=\"1920\" height=\"1425\" src=\"https:\/\/lacruz.cl\/a94a8fe5\/wp-content\/uploads\/2021\/08\/Entre-las-nubes.jpg\" class=\"attachment-full size-full wp-image-548\" alt=\"\" srcset=\"https:\/\/lacruz.cl\/a94a8fe5\/wp-content\/uploads\/2021\/08\/Entre-las-nubes.jpg 1920w, https:\/\/lacruz.cl\/a94a8fe5\/wp-content\/uploads\/2021\/08\/Entre-las-nubes-300x223.jpg 300w, https:\/\/lacruz.cl\/a94a8fe5\/wp-content\/uploads\/2021\/08\/Entre-las-nubes-1024x760.jpg 1024w, https:\/\/lacruz.cl\/a94a8fe5\/wp-content\/uploads\/2021\/08\/Entre-las-nubes-768x570.jpg 768w, https:\/\/lacruz.cl\/a94a8fe5\/wp-content\/uploads\/2021\/08\/Entre-las-nubes-1536x1140.jpg 1536w\" sizes=\"auto, (max-width: 1920px) 100vw, 1920px\" \/><\/div><\/a>\n\t\t\t\t<div class=\"elementor-post__text\">\n\t\t\t\t<h4 class=\"elementor-post__title\">\n\t\t\t<a href=\"https:\/\/lacruz.cl\/a94a8fe5\/exposiciones\/entre-nubes-crucinas\/\" >\n\t\t\t\tEntre Nubes Crucinas\t\t\t<\/a>\n\t\t<\/h4>\n\t\t\t\t<div class=\"elementor-post__excerpt\">\n\t\t\t<p>El 20 de agosto se inaugur\u00f3 en el Centro Cultural<\/p>\n\t\t<\/div>\n\t\t\t\t<\/div>\n\t\t\t\t\t<\/div>\n\t\t<\/article>\n\t\t\t\t<\/div>\n\t\t\t\t\t<span class=\"e-load-more-spinner\">\n\t\t\t\t<i aria-hidden=\"true\" class=\"fas fa-spinner\"><\/i>\t\t\t<\/span>\n\t\t\n\t\t\t\t\t\t<\/div>\n\t\t\t\t<\/div>\n\t\t\t\t\t<\/div>\n\t\t<\/div>\n\t\t\t\t\t<\/div>\n\t\t<\/section>\n\t\t\t\t<section class=\"elementor-section elementor-top-section elementor-element elementor-element-7cf0ba26 elementor-section-content-middle elementor-section-boxed elementor-section-height-default elementor-section-height-default\" data-id=\"7cf0ba26\" data-element_type=\"section\" data-e-type=\"section\">\n\t\t\t\t\t\t<div class=\"elementor-container elementor-column-gap-no\">\n\t\t\t\t\t<div class=\"elementor-column elementor-col-100 elementor-top-column elementor-element elementor-element-4cea57b3\" data-id=\"4cea57b3\" data-element_type=\"column\" data-e-type=\"column\">\n\t\t\t<div class=\"elementor-widget-wrap elementor-element-populated\">\n\t\t\t\t\t\t<div class=\"elementor-element elementor-element-67ccb719 elementor-widget elementor-widget-heading\" data-id=\"67ccb719\" data-element_type=\"widget\" data-e-type=\"widget\" data-widget_type=\"heading.default\">\n\t\t\t\t<div class=\"elementor-widget-container\">\n\t\t\t\t\t<h4 class=\"elementor-heading-title elementor-size-default\">Comentarios<\/h4>\t\t\t\t<\/div>\n\t\t\t\t<\/div>\n\t\t\t\t<section class=\"elementor-section elementor-inner-section elementor-element elementor-element-1be4ec42 elementor-section-boxed elementor-section-height-default elementor-section-height-default\" data-id=\"1be4ec42\" data-element_type=\"section\" data-e-type=\"section\">\n\t\t\t\t\t\t<div class=\"elementor-container elementor-column-gap-default\">\n\t\t\t\t\t<div class=\"elementor-column elementor-col-33 elementor-inner-column elementor-element elementor-element-7de26c7a\" data-id=\"7de26c7a\" data-element_type=\"column\" data-e-type=\"column\">\n\t\t\t<div class=\"elementor-widget-wrap elementor-element-populated\">\n\t\t\t\t\t\t<div class=\"elementor-element elementor-element-130f0de0 elementor-widget elementor-widget-testimonial\" data-id=\"130f0de0\" data-element_type=\"widget\" data-e-type=\"widget\" data-widget_type=\"testimonial.default\">\n\t\t\t\t<div class=\"elementor-widget-container\">\n\t\t\t\t\t\t\t<div class=\"elementor-testimonial-wrapper\">\n\t\t\t\t\t\t\t<div class=\"elementor-testimonial-content\">\"Estoy disfrutando del espacio y mi hijo Sergio que particip\u00f3 en un evento, estamos muy felices de volver a  nuestras actividades y que existan los espacios para que la gente participe\".<\/div>\n\t\t\t\n\t\t\t\t\t\t<div class=\"elementor-testimonial-meta elementor-has-image elementor-testimonial-image-position-aside\">\n\t\t\t\t<div class=\"elementor-testimonial-meta-inner\">\n\t\t\t\t\t\t\t\t\t\t\t<div class=\"elementor-testimonial-image\">\n\t\t\t\t\t\t\t<img loading=\"lazy\" decoding=\"async\" width=\"482\" height=\"488\" src=\"https:\/\/lacruz.cl\/a94a8fe5\/wp-content\/uploads\/2021\/08\/Captura-de-Pantalla-2021-08-30-a-las-17.27.36.png\" class=\"attachment-full size-full wp-image-963\" alt=\"\" srcset=\"https:\/\/lacruz.cl\/a94a8fe5\/wp-content\/uploads\/2021\/08\/Captura-de-Pantalla-2021-08-30-a-las-17.27.36.png 482w, https:\/\/lacruz.cl\/a94a8fe5\/wp-content\/uploads\/2021\/08\/Captura-de-Pantalla-2021-08-30-a-las-17.27.36-296x300.png 296w\" sizes=\"auto, (max-width: 482px) 100vw, 482px\" \/>\t\t\t\t\t\t<\/div>\n\t\t\t\t\t\n\t\t\t\t\t\t\t\t\t\t<div class=\"elementor-testimonial-details\">\n\t\t\t\t\t\t\t\t\t\t\t\t\t\t<div class=\"elementor-testimonial-name\">Felicia Zamora<\/div>\n\t\t\t\t\t\t\t\t\t\t\t\t\t\t\t\t\t\t\t\t\t\t<div class=\"elementor-testimonial-job\">Crucina<\/div>\n\t\t\t\t\t\t\t\t\t\t\t\t\t<\/div>\n\t\t\t\t\t\t\t\t\t<\/div>\n\t\t\t<\/div>\n\t\t\t\t\t<\/div>\n\t\t\t\t\t\t<\/div>\n\t\t\t\t<\/div>\n\t\t\t\t\t<\/div>\n\t\t<\/div>\n\t\t\t\t<div class=\"elementor-column elementor-col-33 elementor-inner-column elementor-element elementor-element-76815adf\" data-id=\"76815adf\" data-element_type=\"column\" data-e-type=\"column\">\n\t\t\t<div class=\"elementor-widget-wrap elementor-element-populated\">\n\t\t\t\t\t\t<div class=\"elementor-element elementor-element-7d7597f8 elementor-widget elementor-widget-testimonial\" data-id=\"7d7597f8\" data-element_type=\"widget\" data-e-type=\"widget\" data-widget_type=\"testimonial.default\">\n\t\t\t\t<div class=\"elementor-widget-container\">\n\t\t\t\t\t\t\t<div class=\"elementor-testimonial-wrapper\">\n\t\t\t\t\t\t\t<div class=\"elementor-testimonial-content\">\"Feliz con la apertura de nuestro Centro Cultural,  las artes se encaminan hacia un nuevo horizonte en este hermoso espacio de expresi\u00f3n art\u00edstica\"<\/div>\n\t\t\t\n\t\t\t\t\t\t<div class=\"elementor-testimonial-meta elementor-has-image elementor-testimonial-image-position-aside\">\n\t\t\t\t<div class=\"elementor-testimonial-meta-inner\">\n\t\t\t\t\t\t\t\t\t\t\t<div class=\"elementor-testimonial-image\">\n\t\t\t\t\t\t\t<img loading=\"lazy\" decoding=\"async\" width=\"1043\" height=\"1280\" src=\"https:\/\/lacruz.cl\/a94a8fe5\/wp-content\/uploads\/2021\/08\/entrevistado.jpeg\" class=\"attachment-full size-full wp-image-1025\" alt=\"\" srcset=\"https:\/\/lacruz.cl\/a94a8fe5\/wp-content\/uploads\/2021\/08\/entrevistado.jpeg 1043w, https:\/\/lacruz.cl\/a94a8fe5\/wp-content\/uploads\/2021\/08\/entrevistado-244x300.jpeg 244w, https:\/\/lacruz.cl\/a94a8fe5\/wp-content\/uploads\/2021\/08\/entrevistado-834x1024.jpeg 834w, https:\/\/lacruz.cl\/a94a8fe5\/wp-content\/uploads\/2021\/08\/entrevistado-768x943.jpeg 768w\" sizes=\"auto, (max-width: 1043px) 100vw, 1043px\" \/>\t\t\t\t\t\t<\/div>\n\t\t\t\t\t\n\t\t\t\t\t\t\t\t\t\t<div class=\"elementor-testimonial-details\">\n\t\t\t\t\t\t\t\t\t\t\t\t\t\t<div class=\"elementor-testimonial-name\">Eduardo Lineker<\/div>\n\t\t\t\t\t\t\t\t\t\t\t\t\t\t\t\t\t\t\t\t\t\t<div class=\"elementor-testimonial-job\">Crucino<\/div>\n\t\t\t\t\t\t\t\t\t\t\t\t\t<\/div>\n\t\t\t\t\t\t\t\t\t<\/div>\n\t\t\t<\/div>\n\t\t\t\t\t<\/div>\n\t\t\t\t\t\t<\/div>\n\t\t\t\t<\/div>\n\t\t\t\t\t<\/div>\n\t\t<\/div>\n\t\t\t\t<div class=\"elementor-column elementor-col-33 elementor-inner-column elementor-element elementor-element-7b43fcfe\" data-id=\"7b43fcfe\" data-element_type=\"column\" data-e-type=\"column\">\n\t\t\t<div class=\"elementor-widget-wrap elementor-element-populated\">\n\t\t\t\t\t\t<div class=\"elementor-element elementor-element-532b3342 elementor-widget elementor-widget-testimonial\" data-id=\"532b3342\" data-element_type=\"widget\" data-e-type=\"widget\" data-widget_type=\"testimonial.default\">\n\t\t\t\t<div class=\"elementor-widget-container\">\n\t\t\t\t\t\t\t<div class=\"elementor-testimonial-wrapper\">\n\t\t\t\t\t\t\t<div class=\"elementor-testimonial-content\">\"Me siento muy feliz y agradecida de poder volver a disfrutar de estos espacios, recuerdo que cuando era ni\u00f1a siempre participaba de los eventos y ahora me emociona volver a bailar y disfrutar de este lugar tan lindo de mi comuna\".<\/div>\n\t\t\t\n\t\t\t\t\t\t<div class=\"elementor-testimonial-meta elementor-has-image elementor-testimonial-image-position-aside\">\n\t\t\t\t<div class=\"elementor-testimonial-meta-inner\">\n\t\t\t\t\t\t\t\t\t\t\t<div class=\"elementor-testimonial-image\">\n\t\t\t\t\t\t\t<img loading=\"lazy\" decoding=\"async\" width=\"718\" height=\"718\" src=\"https:\/\/lacruz.cl\/a94a8fe5\/wp-content\/uploads\/2021\/09\/Captura-de-Pantalla-2021-09-01-a-las-10.26.03.png\" class=\"attachment-full size-full wp-image-1032\" alt=\"\" srcset=\"https:\/\/lacruz.cl\/a94a8fe5\/wp-content\/uploads\/2021\/09\/Captura-de-Pantalla-2021-09-01-a-las-10.26.03.png 718w, https:\/\/lacruz.cl\/a94a8fe5\/wp-content\/uploads\/2021\/09\/Captura-de-Pantalla-2021-09-01-a-las-10.26.03-300x300.png 300w, https:\/\/lacruz.cl\/a94a8fe5\/wp-content\/uploads\/2021\/09\/Captura-de-Pantalla-2021-09-01-a-las-10.26.03-150x150.png 150w\" sizes=\"auto, (max-width: 718px) 100vw, 718px\" \/>\t\t\t\t\t\t<\/div>\n\t\t\t\t\t\n\t\t\t\t\t\t\t\t\t\t<div class=\"elementor-testimonial-details\">\n\t\t\t\t\t\t\t\t\t\t\t\t\t\t<div class=\"elementor-testimonial-name\">Ana\u00eds Jimenez<\/div>\n\t\t\t\t\t\t\t\t\t\t\t\t\t\t\t\t\t\t\t\t\t\t<div class=\"elementor-testimonial-job\">Crucina<\/div>\n\t\t\t\t\t\t\t\t\t\t\t\t\t<\/div>\n\t\t\t\t\t\t\t\t\t<\/div>\n\t\t\t<\/div>\n\t\t\t\t\t<\/div>\n\t\t\t\t\t\t<\/div>\n\t\t\t\t<\/div>\n\t\t\t\t\t<\/div>\n\t\t<\/div>\n\t\t\t\t\t<\/div>\n\t\t<\/section>\n\t\t\t\t\t<\/div>\n\t\t<\/div>\n\t\t\t\t\t<\/div>\n\t\t<\/section>\n\t\t\t\t<\/div>\n\t\t","protected":false},"excerpt":{"rendered":"<p>Unidad de las Culturas Multiespacio la iglesia \u00bfQu\u00e9 es? Unidad de las Culturas La Unidad de Cultura de la Ilustre Municipalidad de La Cruz tiene como misi\u00f3n promover el acceso equitativo a la cultura, fortalecer la identidad local y fomentar la participaci\u00f3n activa de la comunidad en la vida cultural de la comuna. A trav\u00e9s [&hellip;]<\/p>\n","protected":false},"author":6,"featured_media":562,"parent":1652,"menu_order":0,"comment_status":"closed","ping_status":"closed","template":"elementor_header_footer","meta":{"site-sidebar-layout":"default","site-content-layout":"page-builder","ast-site-content-layout":"full-width-container","site-content-style":"unboxed","site-sidebar-style":"unboxed","ast-global-header-display":"","ast-banner-title-visibility":"","ast-main-header-display":"","ast-hfb-above-header-display":"","ast-hfb-below-header-display":"","ast-hfb-mobile-header-display":"","site-post-title":"","ast-breadcrumbs-content":"","ast-featured-img":"","footer-sml-layout":"","ast-disable-related-posts":"","theme-transparent-header-meta":"default","adv-header-id-meta":"","stick-header-meta":"","header-above-stick-meta":"","header-main-stick-meta":"","header-below-stick-meta":"","astra-migrate-meta-layouts":"set","ast-page-background-enabled":"default","ast-page-background-meta":{"desktop":{"background-color":"var(--ast-global-color-4)","background-image":"","background-repeat":"repeat","background-position":"center center","background-size":"auto","background-attachment":"scroll","background-type":"","background-media":"","overlay-type":"","overlay-color":"","overlay-opacity":"","overlay-gradient":""},"tablet":{"background-color":"","background-image":"","background-repeat":"repeat","background-position":"center center","background-size":"auto","background-attachment":"scroll","background-type":"","background-media":"","overlay-type":"","overlay-color":"","overlay-opacity":"","overlay-gradient":""},"mobile":{"background-color":"","background-image":"","background-repeat":"repeat","background-position":"center center","background-size":"auto","background-attachment":"scroll","background-type":"","background-media":"","overlay-type":"","overlay-color":"","overlay-opacity":"","overlay-gradient":""}},"ast-content-background-meta":{"desktop":{"background-color":"var(--ast-global-color-5)","background-image":"","background-repeat":"repeat","background-position":"center center","background-size":"auto","background-attachment":"scroll","background-type":"","background-media":"","overlay-type":"","overlay-color":"","overlay-opacity":"","overlay-gradient":""},"tablet":{"background-color":"var(--ast-global-color-5)","background-image":"","background-repeat":"repeat","background-position":"center center","background-size":"auto","background-attachment":"scroll","background-type":"","background-media":"","overlay-type":"","overlay-color":"","overlay-opacity":"","overlay-gradient":""},"mobile":{"background-color":"var(--ast-global-color-5)","background-image":"","background-repeat":"repeat","background-position":"center center","background-size":"auto","background-attachment":"scroll","background-type":"","background-media":"","overlay-type":"","overlay-color":"","overlay-opacity":"","overlay-gradient":""}},"footnotes":""},"class_list":["post-438","page","type-page","status-publish","has-post-thumbnail","hentry"],"_links":{"self":[{"href":"https:\/\/lacruz.cl\/a94a8fe5\/wp-json\/wp\/v2\/pages\/438","targetHints":{"allow":["GET"]}}],"collection":[{"href":"https:\/\/lacruz.cl\/a94a8fe5\/wp-json\/wp\/v2\/pages"}],"about":[{"href":"https:\/\/lacruz.cl\/a94a8fe5\/wp-json\/wp\/v2\/types\/page"}],"author":[{"embeddable":true,"href":"https:\/\/lacruz.cl\/a94a8fe5\/wp-json\/wp\/v2\/users\/6"}],"replies":[{"embeddable":true,"href":"https:\/\/lacruz.cl\/a94a8fe5\/wp-json\/wp\/v2\/comments?post=438"}],"version-history":[{"count":183,"href":"https:\/\/lacruz.cl\/a94a8fe5\/wp-json\/wp\/v2\/pages\/438\/revisions"}],"predecessor-version":[{"id":16170,"href":"https:\/\/lacruz.cl\/a94a8fe5\/wp-json\/wp\/v2\/pages\/438\/revisions\/16170"}],"up":[{"embeddable":true,"href":"https:\/\/lacruz.cl\/a94a8fe5\/wp-json\/wp\/v2\/pages\/1652"}],"wp:featuredmedia":[{"embeddable":true,"href":"https:\/\/lacruz.cl\/a94a8fe5\/wp-json\/wp\/v2\/media\/562"}],"wp:attachment":[{"href":"https:\/\/lacruz.cl\/a94a8fe5\/wp-json\/wp\/v2\/media?parent=438"}],"curies":[{"name":"wp","href":"https:\/\/api.w.org\/{rel}","templated":true}]}}