{"id":1146,"date":"2021-09-06T16:45:30","date_gmt":"2021-09-06T19:45:30","guid":{"rendered":"https:\/\/lacruz.cl\/a94a8fe5\/?page_id=1146"},"modified":"2024-04-03T15:19:04","modified_gmt":"2024-04-03T18:19:04","slug":"dideco","status":"publish","type":"page","link":"https:\/\/lacruz.cl\/a94a8fe5\/municipalidad\/dideco\/","title":{"rendered":"DIDECO"},"content":{"rendered":"\t\t<div data-elementor-type=\"wp-page\" data-elementor-id=\"1146\" class=\"elementor elementor-1146\" data-elementor-post-type=\"page\">\n\t\t\t\t\t\t<section class=\"elementor-section elementor-top-section elementor-element elementor-element-73b2e83 elementor-section-content-middle elementor-section-full_width elementor-section-height-default elementor-section-height-default\" data-id=\"73b2e83\" data-element_type=\"section\" data-e-type=\"section\" data-settings=\"{&quot;background_background&quot;:&quot;classic&quot;}\">\n\t\t\t\t\t\t\t<div class=\"elementor-background-overlay\"><\/div>\n\t\t\t\t\t\t\t<div class=\"elementor-container elementor-column-gap-no\">\n\t\t\t\t\t<div class=\"elementor-column elementor-col-100 elementor-top-column elementor-element elementor-element-f50c08f\" data-id=\"f50c08f\" data-element_type=\"column\" data-e-type=\"column\">\n\t\t\t<div class=\"elementor-widget-wrap elementor-element-populated\">\n\t\t\t\t\t\t<div class=\"elementor-element elementor-element-8b174c1 elementor-widget elementor-widget-heading\" data-id=\"8b174c1\" data-element_type=\"widget\" data-e-type=\"widget\" data-widget_type=\"heading.default\">\n\t\t\t\t<div class=\"elementor-widget-container\">\n\t\t\t\t\t<h4 class=\"elementor-heading-title elementor-size-default\">DIDECO<\/h4>\t\t\t\t<\/div>\n\t\t\t\t<\/div>\n\t\t\t\t<div class=\"elementor-element elementor-element-a3e443b elementor-widget elementor-widget-heading\" data-id=\"a3e443b\" data-element_type=\"widget\" data-e-type=\"widget\" data-widget_type=\"heading.default\">\n\t\t\t\t<div class=\"elementor-widget-container\">\n\t\t\t\t\t<h5 class=\"elementor-heading-title elementor-size-default\">DIRECCI\u00f3N DE DESARROLLO COMUNITARIO<\/h5>\t\t\t\t<\/div>\n\t\t\t\t<\/div>\n\t\t\t\t\t<\/div>\n\t\t<\/div>\n\t\t\t\t\t<\/div>\n\t\t<\/section>\n\t\t\t\t<section class=\"elementor-section elementor-top-section elementor-element elementor-element-505eaee7 elementor-section-content-middle elementor-section-boxed elementor-section-height-default elementor-section-height-default\" data-id=\"505eaee7\" data-element_type=\"section\" data-e-type=\"section\">\n\t\t\t\t\t\t<div class=\"elementor-container elementor-column-gap-no\">\n\t\t\t\t\t<div class=\"elementor-column elementor-col-50 elementor-top-column elementor-element elementor-element-4f55dcdd\" data-id=\"4f55dcdd\" data-element_type=\"column\" data-e-type=\"column\">\n\t\t\t<div class=\"elementor-widget-wrap elementor-element-populated\">\n\t\t\t\t\t\t<div class=\"elementor-element elementor-element-4f02fed2 elementor-widget-divider--view-line elementor-widget elementor-widget-divider\" data-id=\"4f02fed2\" data-element_type=\"widget\" data-e-type=\"widget\" data-widget_type=\"divider.default\">\n\t\t\t\t<div class=\"elementor-widget-container\">\n\t\t\t\t\t\t\t<div class=\"elementor-divider\">\n\t\t\t<span class=\"elementor-divider-separator\">\n\t\t\t\t\t\t<\/span>\n\t\t<\/div>\n\t\t\t\t\t\t<\/div>\n\t\t\t\t<\/div>\n\t\t\t\t<div class=\"elementor-element elementor-element-47865723 elementor-widget elementor-widget-heading\" data-id=\"47865723\" data-element_type=\"widget\" data-e-type=\"widget\" data-widget_type=\"heading.default\">\n\t\t\t\t<div class=\"elementor-widget-container\">\n\t\t\t\t\t<h4 class=\"elementor-heading-title elementor-size-default\">acerca de\ndideco<\/h4>\t\t\t\t<\/div>\n\t\t\t\t<\/div>\n\t\t\t\t\t<\/div>\n\t\t<\/div>\n\t\t\t\t<div class=\"elementor-column elementor-col-50 elementor-top-column elementor-element elementor-element-23e91109\" data-id=\"23e91109\" data-element_type=\"column\" data-e-type=\"column\">\n\t\t\t<div class=\"elementor-widget-wrap elementor-element-populated\">\n\t\t\t\t\t\t<div class=\"elementor-element elementor-element-2557bebe elementor-widget elementor-widget-text-editor\" data-id=\"2557bebe\" data-element_type=\"widget\" data-e-type=\"widget\" data-widget_type=\"text-editor.default\">\n\t\t\t\t<div class=\"elementor-widget-container\">\n\t\t\t\t\t\t\t\t\t<p class=\"p1\">La direcci\u00f3n de desarrollo comunitario es la direcci\u00f3n que se encarga de velar por el bienestar de las personas, mujeres y hombres en el territorio. Pudiendo tambi\u00e9n fomentar la participaci\u00f3n social de las comunidades y tambi\u00e9n aumentar las oportunidades dentro del territorio.<\/p><p class=\"p1\">Dideco presta atenci\u00f3n ciudadana a todas las personas de la comuna indiferentemente de sus diferencias sociales. Y dentro de la direcci\u00f3n de desarrollo existen diferentes departamentos especializados, que se encargan principalmente de trabajar en tem\u00e1ticas como fomento productivo, medio ambiente, protecci\u00f3n social, participaci\u00f3n ciudadana, estratificaci\u00f3n social, deporte, salud, educaci\u00f3n, entre otros.<\/p>\t\t\t\t\t\t\t\t<\/div>\n\t\t\t\t<\/div>\n\t\t\t\t<div class=\"elementor-element elementor-element-46f75b14 elementor-widget elementor-widget-text-editor\" data-id=\"46f75b14\" data-element_type=\"widget\" data-e-type=\"widget\" data-widget_type=\"text-editor.default\">\n\t\t\t\t<div class=\"elementor-widget-container\">\n\t\t\t\t\t\t\t\t\t<div><p>Trabajamos de manera articulada con los diferentes departamentos, ya que, somos un ente articulador entre los recursos del estado con la comunidad y la ciudadan\u00eda. Adem\u00e1s de ser la principal entrada de informaci\u00f3n de las familias que se encuentran en alguna situaci\u00f3n de vulnerabilidad.<\/p><\/div><div>\u00a0<\/div>\t\t\t\t\t\t\t\t<\/div>\n\t\t\t\t<\/div>\n\t\t\t\t\t<\/div>\n\t\t<\/div>\n\t\t\t\t\t<\/div>\n\t\t<\/section>\n\t\t\t\t<section class=\"elementor-section elementor-top-section elementor-element elementor-element-24c22f8b elementor-section-content-middle elementor-section-boxed elementor-section-height-default elementor-section-height-default\" data-id=\"24c22f8b\" data-element_type=\"section\" data-e-type=\"section\">\n\t\t\t\t\t\t<div class=\"elementor-container elementor-column-gap-no\">\n\t\t\t\t\t<div class=\"elementor-column elementor-col-100 elementor-top-column elementor-element elementor-element-8710392\" data-id=\"8710392\" data-element_type=\"column\" data-e-type=\"column\">\n\t\t\t<div class=\"elementor-widget-wrap elementor-element-populated\">\n\t\t\t\t\t\t<div class=\"elementor-element elementor-element-310e353 elementor-widget elementor-widget-heading\" data-id=\"310e353\" data-element_type=\"widget\" data-e-type=\"widget\" data-widget_type=\"heading.default\">\n\t\t\t\t<div class=\"elementor-widget-container\">\n\t\t\t\t\t<h2 class=\"elementor-heading-title elementor-size-default\">Informaci\u00f3n que deber\u00edas saber sobre DIDECO<\/h2>\t\t\t\t<\/div>\n\t\t\t\t<\/div>\n\t\t\t\t<div class=\"elementor-element elementor-element-14e82f20 elementor-widget elementor-widget-heading\" data-id=\"14e82f20\" data-element_type=\"widget\" data-e-type=\"widget\" data-widget_type=\"heading.default\">\n\t\t\t\t<div class=\"elementor-widget-container\">\n\t\t\t\t\t<h5 class=\"elementor-heading-title elementor-size-default\">Te respondemos algunas de las preguntas m\u00e1s comunes\n<\/h5>\t\t\t\t<\/div>\n\t\t\t\t<\/div>\n\t\t\t\t<section class=\"elementor-section elementor-inner-section elementor-element elementor-element-3229145f elementor-section-content-top elementor-section-boxed elementor-section-height-default elementor-section-height-default\" data-id=\"3229145f\" data-element_type=\"section\" data-e-type=\"section\">\n\t\t\t\t\t\t<div class=\"elementor-container elementor-column-gap-no\">\n\t\t\t\t\t<div class=\"elementor-column elementor-col-50 elementor-inner-column elementor-element elementor-element-300e023\" data-id=\"300e023\" data-element_type=\"column\" data-e-type=\"column\">\n\t\t\t<div class=\"elementor-widget-wrap elementor-element-populated\">\n\t\t\t\t\t\t<div class=\"elementor-element elementor-element-50d8feaf elementor-widget elementor-widget-heading\" data-id=\"50d8feaf\" data-element_type=\"widget\" data-e-type=\"widget\" data-widget_type=\"heading.default\">\n\t\t\t\t<div class=\"elementor-widget-container\">\n\t\t\t\t\t<h4 class=\"elementor-heading-title elementor-size-default\">\u00bfQu\u00e9 ofrece DIDECO?<\/h4>\t\t\t\t<\/div>\n\t\t\t\t<\/div>\n\t\t\t\t<div class=\"elementor-element elementor-element-4f82571b elementor-widget elementor-widget-text-editor\" data-id=\"4f82571b\" data-element_type=\"widget\" data-e-type=\"widget\" data-widget_type=\"text-editor.default\">\n\t\t\t\t<div class=\"elementor-widget-container\">\n\t\t\t\t\t\t\t\t\t<p class=\"p2\">Se busca Avanzar en desarrollo territorial, para que las comunidades puedan aut\u00f3nomamente responder a sus requerimientos, a detectar y responder a sus necesidades, sean capaces de auto gestionarse.<\/p><p class=\"p1\">Adem\u00e1s de trabajar activamente en la disminuci\u00f3n de la vulnerabilidad y desigualdad existentes en el territorio.<\/p>\t\t\t\t\t\t\t\t<\/div>\n\t\t\t\t<\/div>\n\t\t\t\t\t<\/div>\n\t\t<\/div>\n\t\t\t\t<div class=\"elementor-column elementor-col-50 elementor-inner-column elementor-element elementor-element-83699da\" data-id=\"83699da\" data-element_type=\"column\" data-e-type=\"column\">\n\t\t\t<div class=\"elementor-widget-wrap elementor-element-populated\">\n\t\t\t\t\t\t<div class=\"elementor-element elementor-element-2428664d elementor-widget elementor-widget-heading\" data-id=\"2428664d\" data-element_type=\"widget\" data-e-type=\"widget\" data-widget_type=\"heading.default\">\n\t\t\t\t<div class=\"elementor-widget-container\">\n\t\t\t\t\t<h4 class=\"elementor-heading-title elementor-size-default\">\u00bfC\u00f3mo obtengo ayuda ?\u200b\u200b<\/h4>\t\t\t\t<\/div>\n\t\t\t\t<\/div>\n\t\t\t\t<div class=\"elementor-element elementor-element-78c85782 elementor-widget elementor-widget-text-editor\" data-id=\"78c85782\" data-element_type=\"widget\" data-e-type=\"widget\" data-widget_type=\"text-editor.default\">\n\t\t\t\t<div class=\"elementor-widget-container\">\n\t\t\t\t\t\t\t\t\t<p class=\"p1\">Existen 3 formas de ingresar un requerimiento:<\/p><ul><li class=\"p1\">Por medio de una \u201cSolicitud de organizaciones sociales\u201d<\/li><li class=\"p1\">Realizar una \u201cDemanda espontanea\u201d<\/li><li class=\"p1\">O por medio de una \u201cDerivaci\u00f3n\u201d<\/li><\/ul><p class=\"p1\">Las personas que tienen un requerimiento pueden enviar un correo electr\u00f3nico, llamar al tel\u00e9fono de DIDECO o dirigirse al municipio y exponer sus necesidades de manera presencial. En ese momento aplicamos un formulario u informe social establecido por decreto, donde medimos indicadores de vulnerabilidad (discapacidad, pueblos originarios, etc.) que nos permiten establecer criterios para a focalizar la ayuda.<\/p>\t\t\t\t\t\t\t\t<\/div>\n\t\t\t\t<\/div>\n\t\t\t\t\t<\/div>\n\t\t<\/div>\n\t\t\t\t\t<\/div>\n\t\t<\/section>\n\t\t\t\t\t<\/div>\n\t\t<\/div>\n\t\t\t\t\t<\/div>\n\t\t<\/section>\n\t\t\t\t<section class=\"elementor-section elementor-top-section elementor-element elementor-element-67928b4 elementor-section-content-middle elementor-section-boxed elementor-section-height-default elementor-section-height-default\" data-id=\"67928b4\" data-element_type=\"section\" data-e-type=\"section\">\n\t\t\t\t\t\t<div class=\"elementor-container elementor-column-gap-no\">\n\t\t\t\t\t<div class=\"elementor-column elementor-col-100 elementor-top-column elementor-element elementor-element-de71301\" data-id=\"de71301\" data-element_type=\"column\" data-e-type=\"column\">\n\t\t\t<div class=\"elementor-widget-wrap elementor-element-populated\">\n\t\t\t\t\t\t<div class=\"elementor-element elementor-element-5d2d8fc elementor-widget elementor-widget-heading\" data-id=\"5d2d8fc\" data-element_type=\"widget\" data-e-type=\"widget\" data-widget_type=\"heading.default\">\n\t\t\t\t<div class=\"elementor-widget-container\">\n\t\t\t\t\t<h4 class=\"elementor-heading-title elementor-size-default\">Programas<\/h4>\t\t\t\t<\/div>\n\t\t\t\t<\/div>\n\t\t\t\t<div class=\"elementor-element elementor-element-a6362c4 elementor-widget elementor-widget-text-editor\" data-id=\"a6362c4\" data-element_type=\"widget\" data-e-type=\"widget\" data-widget_type=\"text-editor.default\">\n\t\t\t\t<div class=\"elementor-widget-container\">\n\t\t\t\t\t\t\t\t\t<p>Ac\u00e1 encontrar\u00e1s las ofertas de programas que entregan la de la I. Municipalidad de la Cruz, destinados a promover, proporcionar y gestionar beneficios sociales a nuestros vecinos.<\/p>\t\t\t\t\t\t\t\t<\/div>\n\t\t\t\t<\/div>\n\t\t\t\t\t<\/div>\n\t\t<\/div>\n\t\t\t\t\t<\/div>\n\t\t<\/section>\n\t\t\t\t<section class=\"elementor-section elementor-top-section elementor-element elementor-element-d94d2e3 elementor-section-content-middle elementor-section-boxed elementor-section-height-default elementor-section-height-default\" data-id=\"d94d2e3\" data-element_type=\"section\" data-e-type=\"section\">\n\t\t\t\t\t\t<div class=\"elementor-container elementor-column-gap-no\">\n\t\t\t\t\t<div class=\"elementor-column elementor-col-100 elementor-top-column elementor-element elementor-element-c3ecfb0\" data-id=\"c3ecfb0\" data-element_type=\"column\" data-e-type=\"column\">\n\t\t\t<div class=\"elementor-widget-wrap elementor-element-populated\">\n\t\t\t\t\t\t<div class=\"elementor-element elementor-element-b7bbc55 elementor-widget elementor-widget-toggle\" data-id=\"b7bbc55\" data-element_type=\"widget\" data-e-type=\"widget\" data-widget_type=\"toggle.default\">\n\t\t\t\t<div class=\"elementor-widget-container\">\n\t\t\t\t\t\t\t<div class=\"elementor-toggle\">\n\t\t\t\t\t\t\t<div class=\"elementor-toggle-item\">\n\t\t\t\t\t<div id=\"elementor-tab-title-1921\" class=\"elementor-tab-title\" data-tab=\"1\" role=\"button\" aria-controls=\"elementor-tab-content-1921\" aria-expanded=\"false\">\n\t\t\t\t\t\t\t\t\t\t\t\t<span class=\"elementor-toggle-icon elementor-toggle-icon-right\" aria-hidden=\"true\">\n\t\t\t\t\t\t\t\t\t\t\t\t\t\t\t<span class=\"elementor-toggle-icon-closed\"><i class=\"fas fa-caret-right\"><\/i><\/span>\n\t\t\t\t\t\t\t\t<span class=\"elementor-toggle-icon-opened\"><i class=\"elementor-toggle-icon-opened fas fa-caret-up\"><\/i><\/span>\n\t\t\t\t\t\t\t\t\t\t\t\t\t<\/span>\n\t\t\t\t\t\t\t\t\t\t\t\t<a class=\"elementor-toggle-title\" tabindex=\"0\">Beca Presidente de la Rep\u00fablica<\/a>\n\t\t\t\t\t<\/div>\n\n\t\t\t\t\t<div id=\"elementor-tab-content-1921\" class=\"elementor-tab-content elementor-clearfix\" data-tab=\"1\" role=\"region\" aria-labelledby=\"elementor-tab-title-1921\"><p><strong>Educaci\u00f3n Media:<\/strong><br \/>Es un aporte de libre disposici\u00f3n equivalente a 6.2 UTM (valor referencial anual), que se paga hasta en 10 cuotas al a\u00f1o.<\/p><p>Est\u00e1 dirigido a estudiantes de 1\u00b0 a 4\u00b0 medio que tengan promedio de notas 6.0 como m\u00ednimo y est\u00e9n en un tramo del Registro Social de Hogares hasta el 60%.<br \/>_____<\/p><p><strong>Educaci\u00f3n Superior:<\/strong><br \/>Esta es una Beca que se obtiene durante la ense\u00f1anza media, por lo que solo se puede renovar en educaci\u00f3n superior. Para hacerlo, debes:<\/p><p>Haber sido promovido con 6.0 como nota m\u00ednima al egresar de la Ed. Media o con promedio 5.0 como m\u00ednimo en periodo anterior de Ed. Superior. Este requisito no aplica si es que obtuviste la beca por primera vez antes del a\u00f1o 2011.<br \/>Haber obtenido en la Prueba de Transici\u00f3n (PDT) un puntaje m\u00ednimo de 475 puntos como promedio en las pruebas de Lenguaje y Matem\u00e1ticas, requisito v\u00e1lido para estudiantes que ingresan a carreras profesionales en universidades.<br \/>No se exigir\u00e1 el requisito de puntaje m\u00ednimo en la PDT para los becados que se matriculen en Institutos Profesionales, Centros de Formaci\u00f3n T\u00e9cnica y en Universidades para cursar carreras t\u00e9cnicas reconocidas por el Estado.<br \/>Estar estudiando en alguna Instituci\u00f3n de Educaci\u00f3n Superior reconocida por el Estado.<br \/>Es un aporte de libre disposici\u00f3n equivalente a 12,4 UTM (valor referencial anual) que se paga hasta en 10 cuotas al a\u00f1o, debes haber obtenido la beca durante la ense\u00f1anza media.<\/p><\/div>\n\t\t\t\t<\/div>\n\t\t\t\t\t\t\t<div class=\"elementor-toggle-item\">\n\t\t\t\t\t<div id=\"elementor-tab-title-1922\" class=\"elementor-tab-title\" data-tab=\"2\" role=\"button\" aria-controls=\"elementor-tab-content-1922\" aria-expanded=\"false\">\n\t\t\t\t\t\t\t\t\t\t\t\t<span class=\"elementor-toggle-icon elementor-toggle-icon-right\" aria-hidden=\"true\">\n\t\t\t\t\t\t\t\t\t\t\t\t\t\t\t<span class=\"elementor-toggle-icon-closed\"><i class=\"fas fa-caret-right\"><\/i><\/span>\n\t\t\t\t\t\t\t\t<span class=\"elementor-toggle-icon-opened\"><i class=\"elementor-toggle-icon-opened fas fa-caret-up\"><\/i><\/span>\n\t\t\t\t\t\t\t\t\t\t\t\t\t<\/span>\n\t\t\t\t\t\t\t\t\t\t\t\t<a class=\"elementor-toggle-title\" tabindex=\"0\">Beca Ind\u00edgena<\/a>\n\t\t\t\t\t<\/div>\n\n\t\t\t\t\t<div id=\"elementor-tab-content-1922\" class=\"elementor-tab-content elementor-clearfix\" data-tab=\"2\" role=\"region\" aria-labelledby=\"elementor-tab-title-1922\"><p><strong>Educaci\u00f3n B\u00e1sica:<\/strong><br \/>Es un aporte de libre disposici\u00f3n equivalente a $100.550 (monto referencial anual), que se paga en dos cuotas al a\u00f1o.<\/p><p>Est\u00e1 dirigido a estudiantes de 5to a 8vo b\u00e1sico, de ascendencia ind\u00edgena acreditada por Conadi, que tengan un promedio de notas de m\u00ednimo 5.0 y est\u00e9n en un tramo del Registro Social de Hogares hasta el 60%.<br \/>_____<\/p><p><strong>Educaci\u00f3n Media:<\/strong><br \/>Es un aporte de libre disposici\u00f3n equivalente a $208.280 (monto referencial anual), que se paga en dos cuotas al a\u00f1o.<\/p><p>Est\u00e1 dirigido a estudiantes de 1\u00b0 a 4\u00b0 medio, de ascendencia ind\u00edgena acreditada por Conadi, con promedio de notas de m\u00ednimo 5.0 y est\u00e9n en un tramo del Registro Social de Hogares hasta el 60%.<br \/>_____<\/p><p><strong>Educaci\u00f3n Superior:<\/strong><br \/>Es un aporte de libre disposici\u00f3n equivalente a $654.600 (monto referencial anual), que se paga hasta en 10 cuotas al a\u00f1o.<\/p><p>Est\u00e1 dirigido a estudiantes de educaci\u00f3n superior, de ascendencia ind\u00edgena acreditada por Conadi, que tengan promedio de notas de m\u00ednimo 4.5 en ed. superior y 5.0 para egresados de E. Media, y que est\u00e9n en un tramo del Registro Social de Hogares hasta el 60%.<\/p><\/div>\n\t\t\t\t<\/div>\n\t\t\t\t\t\t\t<div class=\"elementor-toggle-item\">\n\t\t\t\t\t<div id=\"elementor-tab-title-1923\" class=\"elementor-tab-title\" data-tab=\"3\" role=\"button\" aria-controls=\"elementor-tab-content-1923\" aria-expanded=\"false\">\n\t\t\t\t\t\t\t\t\t\t\t\t<span class=\"elementor-toggle-icon elementor-toggle-icon-right\" aria-hidden=\"true\">\n\t\t\t\t\t\t\t\t\t\t\t\t\t\t\t<span class=\"elementor-toggle-icon-closed\"><i class=\"fas fa-caret-right\"><\/i><\/span>\n\t\t\t\t\t\t\t\t<span class=\"elementor-toggle-icon-opened\"><i class=\"elementor-toggle-icon-opened fas fa-caret-up\"><\/i><\/span>\n\t\t\t\t\t\t\t\t\t\t\t\t\t<\/span>\n\t\t\t\t\t\t\t\t\t\t\t\t<a class=\"elementor-toggle-title\" tabindex=\"0\">Programa Chile Crece Contigo (CHCC)<\/a>\n\t\t\t\t\t<\/div>\n\n\t\t\t\t\t<div id=\"elementor-tab-content-1923\" class=\"elementor-tab-content elementor-clearfix\" data-tab=\"3\" role=\"region\" aria-labelledby=\"elementor-tab-title-1923\"><p><strong>Objetivo:<\/strong><br \/>Acompa\u00f1ar, proteger y apoyar integralmente, a todos los ni\u00f1os, ni\u00f1as y sus familias, a trav\u00e9s de acciones y servicios. Los ni\u00f1os y ni\u00f1as ingresan al sistema Chile Crece Contigo cuando sus madres realizan el primer control de embarazo en el sistema p\u00fablico de salud, en este caso el consultorio.<br \/>_____<\/p><p><strong>Programas:<\/strong><br \/>1. Fondo de Intervenciones de Apoyo al Desarrollo Infantil (FIADI).<br \/>2. Programa de Fortalecimiento Municipal (PFM).<\/p><\/div>\n\t\t\t\t<\/div>\n\t\t\t\t\t\t\t<div class=\"elementor-toggle-item\">\n\t\t\t\t\t<div id=\"elementor-tab-title-1924\" class=\"elementor-tab-title\" data-tab=\"4\" role=\"button\" aria-controls=\"elementor-tab-content-1924\" aria-expanded=\"false\">\n\t\t\t\t\t\t\t\t\t\t\t\t<span class=\"elementor-toggle-icon elementor-toggle-icon-right\" aria-hidden=\"true\">\n\t\t\t\t\t\t\t\t\t\t\t\t\t\t\t<span class=\"elementor-toggle-icon-closed\"><i class=\"fas fa-caret-right\"><\/i><\/span>\n\t\t\t\t\t\t\t\t<span class=\"elementor-toggle-icon-opened\"><i class=\"elementor-toggle-icon-opened fas fa-caret-up\"><\/i><\/span>\n\t\t\t\t\t\t\t\t\t\t\t\t\t<\/span>\n\t\t\t\t\t\t\t\t\t\t\t\t<a class=\"elementor-toggle-title\" tabindex=\"0\">Fondo de Intervenciones de Apoyo al Desarrollo Infantil \u2013 FIADI<\/a>\n\t\t\t\t\t<\/div>\n\n\t\t\t\t\t<div id=\"elementor-tab-content-1924\" class=\"elementor-tab-content elementor-clearfix\" data-tab=\"4\" role=\"region\" aria-labelledby=\"elementor-tab-title-1924\"><p><strong>Objetivo:<\/strong><br \/>Potenciar, a trav\u00e9s de modalidades de apoyo el desarrollo de ni\u00f1os y ni\u00f1as con rezago, riesgo de retraso u otras situaciones de vulnerabilidad biopsicosocial que los puedan afectar.<br \/>_____<\/p><p><strong>Beneficiarios:<\/strong><br \/>Ni\u00f1os y ni\u00f1as desde 0 a 4 a\u00f1os de edad, que presenten TEPSI, EDPP o Pauta Biopsicosocial alterada. Estos instrumentos son aplicados por enfermera y es ella quien realiza la derivaci\u00f3n a sala de estimulaci\u00f3n.<br \/>_____<\/p><p><strong>Profesional a cargo:<\/strong><br \/>Katherine Aguilera Aros, Educadora de P\u00e1rvulos.<br \/>_____<\/p><p><strong>Encargada comunal:<\/strong><br \/>Tamara Bustos Ram\u00edrez, Trabajadora Social.<br \/>_____<\/p><p><strong>Dependencias que se implementa:<\/strong> Sala de estimulaci\u00f3n, Consultorio Municipal.<\/p><\/div>\n\t\t\t\t<\/div>\n\t\t\t\t\t\t\t<div class=\"elementor-toggle-item\">\n\t\t\t\t\t<div id=\"elementor-tab-title-1925\" class=\"elementor-tab-title\" data-tab=\"5\" role=\"button\" aria-controls=\"elementor-tab-content-1925\" aria-expanded=\"false\">\n\t\t\t\t\t\t\t\t\t\t\t\t<span class=\"elementor-toggle-icon elementor-toggle-icon-right\" aria-hidden=\"true\">\n\t\t\t\t\t\t\t\t\t\t\t\t\t\t\t<span class=\"elementor-toggle-icon-closed\"><i class=\"fas fa-caret-right\"><\/i><\/span>\n\t\t\t\t\t\t\t\t<span class=\"elementor-toggle-icon-opened\"><i class=\"elementor-toggle-icon-opened fas fa-caret-up\"><\/i><\/span>\n\t\t\t\t\t\t\t\t\t\t\t\t\t<\/span>\n\t\t\t\t\t\t\t\t\t\t\t\t<a class=\"elementor-toggle-title\" tabindex=\"0\">Programa de Fortalecimiento Municipal \u2013 PFM  <\/a>\n\t\t\t\t\t<\/div>\n\n\t\t\t\t\t<div id=\"elementor-tab-content-1925\" class=\"elementor-tab-content elementor-clearfix\" data-tab=\"5\" role=\"region\" aria-labelledby=\"elementor-tab-title-1925\"><p><strong>Objetivo:<\/strong><br \/>Apoyar la gesti\u00f3n y articulaci\u00f3n de las redes comunales, posibilitando el acceso a la oferta de servicios de las instituciones para la atenci\u00f3n oportuna y pertinente de las necesidades de cada ni\u00f1o, ni\u00f1a y su familia.<br \/>_____<\/p><p><strong>Metodolog\u00eda:<\/strong><br \/>Se trabaja con plataforma SRDM (Sistema de Registro Derivaci\u00f3n y Monitoreo), en donde se registran los ni\u00f1os y ni\u00f1as en su primer control de salud, y de acuerdo a la informaci\u00f3n otorgada por los profesionales del Consultorio Municipal, es que se gestiona en los diversos sectores involucrados. (Salud, OMIL, Educaci\u00f3n, Discapacidad, Vivienda, Registro Social de Hogares, Subsidio Familiar).<br \/>_____<\/p><p><strong>Profesional a cargo:<\/strong><br \/>Francisca Lagos Campos, Trabajadora Social.<br \/>_____<br \/><strong>Encargada comunal:<\/strong><br \/>Tamara Bustos Ram\u00edrez, Trabajadora Social.<\/p><\/div>\n\t\t\t\t<\/div>\n\t\t\t\t\t\t\t<div class=\"elementor-toggle-item\">\n\t\t\t\t\t<div id=\"elementor-tab-title-1926\" class=\"elementor-tab-title\" data-tab=\"6\" role=\"button\" aria-controls=\"elementor-tab-content-1926\" aria-expanded=\"false\">\n\t\t\t\t\t\t\t\t\t\t\t\t<span class=\"elementor-toggle-icon elementor-toggle-icon-right\" aria-hidden=\"true\">\n\t\t\t\t\t\t\t\t\t\t\t\t\t\t\t<span class=\"elementor-toggle-icon-closed\"><i class=\"fas fa-caret-right\"><\/i><\/span>\n\t\t\t\t\t\t\t\t<span class=\"elementor-toggle-icon-opened\"><i class=\"elementor-toggle-icon-opened fas fa-caret-up\"><\/i><\/span>\n\t\t\t\t\t\t\t\t\t\t\t\t\t<\/span>\n\t\t\t\t\t\t\t\t\t\t\t\t<a class=\"elementor-toggle-title\" tabindex=\"0\">PROGRAMA FAMILIA SEGURIDAD Y OPORTUNIDADES<\/a>\n\t\t\t\t\t<\/div>\n\n\t\t\t\t\t<div id=\"elementor-tab-content-1926\" class=\"elementor-tab-content elementor-clearfix\" data-tab=\"6\" role=\"region\" aria-labelledby=\"elementor-tab-title-1926\"><p><strong>Objetivo:<\/strong><br \/>Contribuir a que las personas y familias superen su situaci\u00f3n de pobreza extrema, mejorando su nivel de bienestar y calidad de vida, a trav\u00e9s del desarrollo de capacidades, sus potencialidades y recursos disponibles, tanto personales como de sus comunidades. Durante el proceso de acompa\u00f1amiento de 24 meses.<br \/>_____<\/p><p><strong>Metodolog\u00eda:<\/strong><br \/>Cada familia es acompa\u00f1ada por un equipo profesional (apoyo familiar y\/o gestor socio-comunitario) a trav\u00e9s de sesiones individuales y familiares en su domicilio, y grupales y comunitarias, implementan un proceso de acompa\u00f1amiento integral psicosocial y sociolaboral. Durante 24 meses.<br \/>_____<\/p><p><strong>\u201cAcompa\u00f1amiento Integral\u201d<\/strong>, abordando cuatro niveles de intervenci\u00f3n:<br \/>1. Individual: a trav\u00e9s de visitas domiciliarias.<br \/>2. Familiar: a trav\u00e9s de visitas domiciliarias.<br \/>3. Grupal, a trav\u00e9s de sesiones de trabajo grupal.<br \/>4. Sociocomunitario, a trav\u00e9s de sesiones de trabajo comunitario.<br \/>_____<\/p><p><strong>\u00bfQui\u00e9nes pueden participar?<\/strong><br \/>Todas las familias que se encuentren en condici\u00f3n de pobreza extrema y vulnerabilidad socioecon\u00f3mica, y que son identificadas a partir de su informaci\u00f3n en el RSH. No es un beneficio postulable, si no que se invita a participar.<br \/>_____<\/p><p><strong>Profesionales a cargo:<\/strong><br \/>Melissa \u00c1lvarez Pizarro, Trabajadora Social.<br \/>Fabian Henr\u00edquez Ca\u00f1ete, Psic\u00f3logo.<br \/>Claudia Gatica Rojas, Trabajador Social.<br \/>_____<\/p><p><strong>Encargada comunal:<\/strong><br \/>Tamara Bustos Ram\u00edrez, Trabajadora Social.<\/p><\/div>\n\t\t\t\t<\/div>\n\t\t\t\t\t\t\t<div class=\"elementor-toggle-item\">\n\t\t\t\t\t<div id=\"elementor-tab-title-1927\" class=\"elementor-tab-title\" data-tab=\"7\" role=\"button\" aria-controls=\"elementor-tab-content-1927\" aria-expanded=\"false\">\n\t\t\t\t\t\t\t\t\t\t\t\t<span class=\"elementor-toggle-icon elementor-toggle-icon-right\" aria-hidden=\"true\">\n\t\t\t\t\t\t\t\t\t\t\t\t\t\t\t<span class=\"elementor-toggle-icon-closed\"><i class=\"fas fa-caret-right\"><\/i><\/span>\n\t\t\t\t\t\t\t\t<span class=\"elementor-toggle-icon-opened\"><i class=\"elementor-toggle-icon-opened fas fa-caret-up\"><\/i><\/span>\n\t\t\t\t\t\t\t\t\t\t\t\t\t<\/span>\n\t\t\t\t\t\t\t\t\t\t\t\t<a class=\"elementor-toggle-title\" tabindex=\"0\">Programa Eje<\/a>\n\t\t\t\t\t<\/div>\n\n\t\t\t\t\t<div id=\"elementor-tab-content-1927\" class=\"elementor-tab-content elementor-clearfix\" data-tab=\"7\" role=\"region\" aria-labelledby=\"elementor-tab-title-1927\"><p><strong>Objetivo:<\/strong><br \/>Disponer de una instancia de presentaci\u00f3n, reconocimiento y entrega de informaci\u00f3n entre el gestor familiar y la familia, a trav\u00e9s del di\u00e1logo de las y los actores involucrados en el proceso, favoreciendo la integraci\u00f3n de los derechos y compromisos asociados a la participaci\u00f3n en el Programa, estableciendo un encuadre de trabajo. Es decir, es el primer contacto para la realizaci\u00f3n de un diagn\u00f3stico de la familia y su autorizaci\u00f3n a participar el Programa Acompa\u00f1amiento Familiar Integral.<br \/>_____<\/p><p><strong>Profesionales a cargo:<\/strong><br \/>Melissa \u00c1lvarez Pizarro, Trabajadora Social.<br \/>Fabian Henr\u00edquez Ca\u00f1ete, Psic\u00f3logo.<br \/>Claudia Gatica Rojas, Trabajador Social.<br \/>_____<\/p><p><strong>Encargada comunal:<\/strong><br \/>Tamara Bustos Ram\u00edrez, Trabajadora Social.<\/p><\/div>\n\t\t\t\t<\/div>\n\t\t\t\t\t\t\t<div class=\"elementor-toggle-item\">\n\t\t\t\t\t<div id=\"elementor-tab-title-1928\" class=\"elementor-tab-title\" data-tab=\"8\" role=\"button\" aria-controls=\"elementor-tab-content-1928\" aria-expanded=\"false\">\n\t\t\t\t\t\t\t\t\t\t\t\t<span class=\"elementor-toggle-icon elementor-toggle-icon-right\" aria-hidden=\"true\">\n\t\t\t\t\t\t\t\t\t\t\t\t\t\t\t<span class=\"elementor-toggle-icon-closed\"><i class=\"fas fa-caret-right\"><\/i><\/span>\n\t\t\t\t\t\t\t\t<span class=\"elementor-toggle-icon-opened\"><i class=\"elementor-toggle-icon-opened fas fa-caret-up\"><\/i><\/span>\n\t\t\t\t\t\t\t\t\t\t\t\t\t<\/span>\n\t\t\t\t\t\t\t\t\t\t\t\t<a class=\"elementor-toggle-title\" tabindex=\"0\">Programa Habitabilidad<\/a>\n\t\t\t\t\t<\/div>\n\n\t\t\t\t\t<div id=\"elementor-tab-content-1928\" class=\"elementor-tab-content elementor-clearfix\" data-tab=\"8\" role=\"region\" aria-labelledby=\"elementor-tab-title-1928\"><p><strong>Objetivo:<\/strong><br \/>\u201cPotenciar a partir de soluciones que contribuyan a mejorar la calidad de vida en lo que refiere la menci\u00f3n de habitabilidad, el programa busca entregar sustentabilidad a las estrategias de intervenci\u00f3n social y la oferta program\u00e1tica\u201d.<br \/>_____<\/p><p><strong>Beneficiarios:<\/strong><br \/>Se trabaja con familias y personas que forman parte del sistema intersectorial de protecci\u00f3n social; Programa familia seguridades y oportunidades, V\u00ednculos o Abriendo Caminos (este \u00faltimo, no se encuentra en nuestra comuna).<\/p><p>Se entregan soluciones de: construcci\u00f3n de ba\u00f1o, reparaci\u00f3n de grifer\u00edas, instalaciones el\u00e9ctricas, barras de seguridad, calefont, equipamiento b\u00e1sico (camas, colch\u00f3n y frazadas ), entre otros.<br \/>_____<\/p><p><strong>Profesionales a cargo:<\/strong><br \/>Narciso Prat Prat, Orientador Familiar.<br \/>Mirna Venegas, Arquitecto.<br \/>_____<\/p><p><strong>Encargada comunal:<\/strong><br \/>Tamara Bustos Ram\u00edrez, Trabajadora Social.<br \/>_____<\/p><p><strong>Metodolog\u00eda:<\/strong><br \/>Se trabaja en dupla t\u00e9cnico y social.<br \/>Dentro de la intervenci\u00f3n la familia debe participar de los talleres grupales y familiares que realiza la apoyo social.<br \/>La intervenci\u00f3n dura 12 meses y funciona de la siguiente manera:<\/p><p><strong>Durante los primeros tres meses:<\/strong><br \/>Selecci\u00f3n de familias.<br \/>Pre Diagn\u00f3stico.<br \/>Diagn\u00f3stico.<br \/>Propuesta.<br \/>_____<br \/><strong>Del mes 4 al mes 9:<\/strong><br \/>Licitaci\u00f3n del proyecto.<br \/>_____<\/p><p><strong>Del mes 10 al mes 12:<\/strong><br \/>Evaluaci\u00f3n y Cierre.<\/p><\/div>\n\t\t\t\t<\/div>\n\t\t\t\t\t\t\t<div class=\"elementor-toggle-item\">\n\t\t\t\t\t<div id=\"elementor-tab-title-1929\" class=\"elementor-tab-title\" data-tab=\"9\" role=\"button\" aria-controls=\"elementor-tab-content-1929\" aria-expanded=\"false\">\n\t\t\t\t\t\t\t\t\t\t\t\t<span class=\"elementor-toggle-icon elementor-toggle-icon-right\" aria-hidden=\"true\">\n\t\t\t\t\t\t\t\t\t\t\t\t\t\t\t<span class=\"elementor-toggle-icon-closed\"><i class=\"fas fa-caret-right\"><\/i><\/span>\n\t\t\t\t\t\t\t\t<span class=\"elementor-toggle-icon-opened\"><i class=\"elementor-toggle-icon-opened fas fa-caret-up\"><\/i><\/span>\n\t\t\t\t\t\t\t\t\t\t\t\t\t<\/span>\n\t\t\t\t\t\t\t\t\t\t\t\t<a class=\"elementor-toggle-title\" tabindex=\"0\">Certificaci\u00f3n Oficina Local de la Ni\u00f1ez (OLN)<\/a>\n\t\t\t\t\t<\/div>\n\n\t\t\t\t\t<div id=\"elementor-tab-content-1929\" class=\"elementor-tab-content elementor-clearfix\" data-tab=\"9\" role=\"region\" aria-labelledby=\"elementor-tab-title-1929\"><p><a href=\"https:\/\/lacruz.cl\/a94a8fe5\/wp-content\/uploads\/2023\/08\/DECRETO-629.pdf\">https:\/\/lacruz.cl\/a94a8fe5\/wp-content\/uploads\/2023\/08\/DECRETO-629.pdf<\/a>Contenido del conmutador<\/p><\/div>\n\t\t\t\t<\/div>\n\t\t\t\t\t\t\t<div class=\"elementor-toggle-item\">\n\t\t\t\t\t<div id=\"elementor-tab-title-19210\" class=\"elementor-tab-title\" data-tab=\"10\" role=\"button\" aria-controls=\"elementor-tab-content-19210\" aria-expanded=\"false\">\n\t\t\t\t\t\t\t\t\t\t\t\t<span class=\"elementor-toggle-icon elementor-toggle-icon-right\" aria-hidden=\"true\">\n\t\t\t\t\t\t\t\t\t\t\t\t\t\t\t<span class=\"elementor-toggle-icon-closed\"><i class=\"fas fa-caret-right\"><\/i><\/span>\n\t\t\t\t\t\t\t\t<span class=\"elementor-toggle-icon-opened\"><i class=\"elementor-toggle-icon-opened fas fa-caret-up\"><\/i><\/span>\n\t\t\t\t\t\t\t\t\t\t\t\t\t<\/span>\n\t\t\t\t\t\t\t\t\t\t\t\t<a class=\"elementor-toggle-title\" tabindex=\"0\">Conoce m\u00e1s sobre DIDECO <\/a>\n\t\t\t\t\t<\/div>\n\n\t\t\t\t\t<div id=\"elementor-tab-content-19210\" class=\"elementor-tab-content elementor-clearfix\" data-tab=\"10\" role=\"region\" aria-labelledby=\"elementor-tab-title-19210\"><p><a href=\"https:\/\/lacruz.cl\/a94a8fe5\/wp-content\/uploads\/2024\/01\/dideco1.jpeg\"><img loading=\"lazy\" decoding=\"async\" class=\"alignnone size-full wp-image-10349\" src=\"https:\/\/lacruz.cl\/a94a8fe5\/wp-content\/uploads\/2024\/01\/dideco1.jpeg\" alt=\"\" width=\"1080\" height=\"1080\" srcset=\"https:\/\/lacruz.cl\/a94a8fe5\/wp-content\/uploads\/2024\/01\/dideco1.jpeg 1080w, https:\/\/lacruz.cl\/a94a8fe5\/wp-content\/uploads\/2024\/01\/dideco1-300x300.jpeg 300w, https:\/\/lacruz.cl\/a94a8fe5\/wp-content\/uploads\/2024\/01\/dideco1-1024x1024.jpeg 1024w, https:\/\/lacruz.cl\/a94a8fe5\/wp-content\/uploads\/2024\/01\/dideco1-150x150.jpeg 150w, https:\/\/lacruz.cl\/a94a8fe5\/wp-content\/uploads\/2024\/01\/dideco1-768x768.jpeg 768w\" sizes=\"auto, (max-width: 1080px) 100vw, 1080px\" \/><\/a><\/p><p><a href=\"https:\/\/lacruz.cl\/a94a8fe5\/wp-content\/uploads\/2024\/01\/dideco2.jpeg\"><img loading=\"lazy\" decoding=\"async\" class=\"alignnone size-full wp-image-10350\" src=\"https:\/\/lacruz.cl\/a94a8fe5\/wp-content\/uploads\/2024\/01\/dideco2.jpeg\" alt=\"\" width=\"1080\" height=\"1080\" srcset=\"https:\/\/lacruz.cl\/a94a8fe5\/wp-content\/uploads\/2024\/01\/dideco2.jpeg 1080w, https:\/\/lacruz.cl\/a94a8fe5\/wp-content\/uploads\/2024\/01\/dideco2-300x300.jpeg 300w, https:\/\/lacruz.cl\/a94a8fe5\/wp-content\/uploads\/2024\/01\/dideco2-1024x1024.jpeg 1024w, https:\/\/lacruz.cl\/a94a8fe5\/wp-content\/uploads\/2024\/01\/dideco2-150x150.jpeg 150w, https:\/\/lacruz.cl\/a94a8fe5\/wp-content\/uploads\/2024\/01\/dideco2-768x768.jpeg 768w\" sizes=\"auto, (max-width: 1080px) 100vw, 1080px\" \/><\/a><\/p><p><a href=\"https:\/\/lacruz.cl\/a94a8fe5\/wp-content\/uploads\/2024\/01\/dideco3.jpeg\"><img loading=\"lazy\" decoding=\"async\" class=\"alignnone size-full wp-image-10351\" src=\"https:\/\/lacruz.cl\/a94a8fe5\/wp-content\/uploads\/2024\/01\/dideco3.jpeg\" alt=\"\" width=\"1080\" height=\"1080\" srcset=\"https:\/\/lacruz.cl\/a94a8fe5\/wp-content\/uploads\/2024\/01\/dideco3.jpeg 1080w, https:\/\/lacruz.cl\/a94a8fe5\/wp-content\/uploads\/2024\/01\/dideco3-300x300.jpeg 300w, https:\/\/lacruz.cl\/a94a8fe5\/wp-content\/uploads\/2024\/01\/dideco3-1024x1024.jpeg 1024w, https:\/\/lacruz.cl\/a94a8fe5\/wp-content\/uploads\/2024\/01\/dideco3-150x150.jpeg 150w, https:\/\/lacruz.cl\/a94a8fe5\/wp-content\/uploads\/2024\/01\/dideco3-768x768.jpeg 768w\" sizes=\"auto, (max-width: 1080px) 100vw, 1080px\" \/><\/a><\/p><p><a href=\"https:\/\/lacruz.cl\/a94a8fe5\/wp-content\/uploads\/2024\/01\/dideco4.jpeg\"><img loading=\"lazy\" decoding=\"async\" class=\"alignnone size-full wp-image-10352\" src=\"https:\/\/lacruz.cl\/a94a8fe5\/wp-content\/uploads\/2024\/01\/dideco4.jpeg\" alt=\"\" width=\"1080\" height=\"1080\" srcset=\"https:\/\/lacruz.cl\/a94a8fe5\/wp-content\/uploads\/2024\/01\/dideco4.jpeg 1080w, https:\/\/lacruz.cl\/a94a8fe5\/wp-content\/uploads\/2024\/01\/dideco4-300x300.jpeg 300w, https:\/\/lacruz.cl\/a94a8fe5\/wp-content\/uploads\/2024\/01\/dideco4-1024x1024.jpeg 1024w, https:\/\/lacruz.cl\/a94a8fe5\/wp-content\/uploads\/2024\/01\/dideco4-150x150.jpeg 150w, https:\/\/lacruz.cl\/a94a8fe5\/wp-content\/uploads\/2024\/01\/dideco4-768x768.jpeg 768w\" sizes=\"auto, (max-width: 1080px) 100vw, 1080px\" \/><\/a><\/p><\/div>\n\t\t\t\t<\/div>\n\t\t\t\t\t\t\t\t<\/div>\n\t\t\t\t\t\t<\/div>\n\t\t\t\t<\/div>\n\t\t\t\t\t<\/div>\n\t\t<\/div>\n\t\t\t\t\t<\/div>\n\t\t<\/section>\n\t\t<div class=\"elementor-element elementor-element-b9d21dd e-flex e-con-boxed e-con e-parent\" data-id=\"b9d21dd\" data-element_type=\"container\" data-e-type=\"container\">\n\t\t\t\t\t<div class=\"e-con-inner\">\n\t\t<div class=\"elementor-element elementor-element-cc48b8d e-flex e-con-boxed e-con e-child\" data-id=\"cc48b8d\" data-element_type=\"container\" data-e-type=\"container\">\n\t\t\t\t\t<div class=\"e-con-inner\">\n\t\t\t\t<div class=\"elementor-element elementor-element-793b9cf elementor-widget elementor-widget-heading\" data-id=\"793b9cf\" data-element_type=\"widget\" data-e-type=\"widget\" data-widget_type=\"heading.default\">\n\t\t\t\t<div class=\"elementor-widget-container\">\n\t\t\t\t\t<h2 class=\"elementor-heading-title elementor-size-default\">Conoce m\u00e1s en las siguientes gr\u00e1ficas sobre las funciones y servicios de la direcci\u00f3n de desarrollo comunitario municipal de La Cruz. <\/h2>\t\t\t\t<\/div>\n\t\t\t\t<\/div>\n\t\t\t\t<div class=\"elementor-element elementor-element-3b32a6d elementor-widget elementor-widget-image\" data-id=\"3b32a6d\" data-element_type=\"widget\" data-e-type=\"widget\" data-widget_type=\"image.default\">\n\t\t\t\t<div class=\"elementor-widget-container\">\n\t\t\t\t\t\t\t\t\t\t\t\t\t\t\t<img loading=\"lazy\" decoding=\"async\" width=\"768\" height=\"768\" src=\"https:\/\/lacruz.cl\/a94a8fe5\/wp-content\/uploads\/2024\/04\/dideco1-768x768.jpg\" class=\"attachment-medium_large size-medium_large wp-image-10999\" alt=\"\" srcset=\"https:\/\/lacruz.cl\/a94a8fe5\/wp-content\/uploads\/2024\/04\/dideco1-768x768.jpg 768w, https:\/\/lacruz.cl\/a94a8fe5\/wp-content\/uploads\/2024\/04\/dideco1-300x300.jpg 300w, https:\/\/lacruz.cl\/a94a8fe5\/wp-content\/uploads\/2024\/04\/dideco1-1024x1024.jpg 1024w, https:\/\/lacruz.cl\/a94a8fe5\/wp-content\/uploads\/2024\/04\/dideco1-150x150.jpg 150w, https:\/\/lacruz.cl\/a94a8fe5\/wp-content\/uploads\/2024\/04\/dideco1.jpg 1080w\" sizes=\"auto, (max-width: 768px) 100vw, 768px\" \/>\t\t\t\t\t\t\t\t\t\t\t\t\t\t\t<\/div>\n\t\t\t\t<\/div>\n\t\t<div class=\"elementor-element elementor-element-d3ddca9 e-flex e-con-boxed e-con e-child\" data-id=\"d3ddca9\" data-element_type=\"container\" data-e-type=\"container\">\n\t\t\t\t\t<div class=\"e-con-inner\">\n\t\t\t\t<div class=\"elementor-element elementor-element-f7b279a elementor-widget elementor-widget-image\" data-id=\"f7b279a\" data-element_type=\"widget\" data-e-type=\"widget\" data-widget_type=\"image.default\">\n\t\t\t\t<div class=\"elementor-widget-container\">\n\t\t\t\t\t\t\t\t\t\t\t\t\t\t\t<img loading=\"lazy\" decoding=\"async\" width=\"768\" height=\"768\" src=\"https:\/\/lacruz.cl\/a94a8fe5\/wp-content\/uploads\/2024\/04\/dideco2-768x768.jpg\" class=\"attachment-medium_large size-medium_large wp-image-11003\" alt=\"\" srcset=\"https:\/\/lacruz.cl\/a94a8fe5\/wp-content\/uploads\/2024\/04\/dideco2-768x768.jpg 768w, https:\/\/lacruz.cl\/a94a8fe5\/wp-content\/uploads\/2024\/04\/dideco2-300x300.jpg 300w, https:\/\/lacruz.cl\/a94a8fe5\/wp-content\/uploads\/2024\/04\/dideco2-1024x1024.jpg 1024w, https:\/\/lacruz.cl\/a94a8fe5\/wp-content\/uploads\/2024\/04\/dideco2-150x150.jpg 150w, https:\/\/lacruz.cl\/a94a8fe5\/wp-content\/uploads\/2024\/04\/dideco2.jpg 1080w\" sizes=\"auto, (max-width: 768px) 100vw, 768px\" \/>\t\t\t\t\t\t\t\t\t\t\t\t\t\t\t<\/div>\n\t\t\t\t<\/div>\n\t\t<div class=\"elementor-element elementor-element-915f17e e-flex e-con-boxed e-con e-child\" data-id=\"915f17e\" data-element_type=\"container\" data-e-type=\"container\">\n\t\t\t\t\t<div class=\"e-con-inner\">\n\t\t\t\t<div class=\"elementor-element elementor-element-ed06804 elementor-widget elementor-widget-image\" data-id=\"ed06804\" data-element_type=\"widget\" data-e-type=\"widget\" data-widget_type=\"image.default\">\n\t\t\t\t<div class=\"elementor-widget-container\">\n\t\t\t\t\t\t\t\t\t\t\t\t\t\t\t<img loading=\"lazy\" decoding=\"async\" width=\"768\" height=\"768\" src=\"https:\/\/lacruz.cl\/a94a8fe5\/wp-content\/uploads\/2024\/04\/dideco3-768x768.jpg\" class=\"attachment-medium_large size-medium_large wp-image-11002\" alt=\"\" srcset=\"https:\/\/lacruz.cl\/a94a8fe5\/wp-content\/uploads\/2024\/04\/dideco3-768x768.jpg 768w, https:\/\/lacruz.cl\/a94a8fe5\/wp-content\/uploads\/2024\/04\/dideco3-300x300.jpg 300w, https:\/\/lacruz.cl\/a94a8fe5\/wp-content\/uploads\/2024\/04\/dideco3-1024x1024.jpg 1024w, https:\/\/lacruz.cl\/a94a8fe5\/wp-content\/uploads\/2024\/04\/dideco3-150x150.jpg 150w, https:\/\/lacruz.cl\/a94a8fe5\/wp-content\/uploads\/2024\/04\/dideco3.jpg 1080w\" sizes=\"auto, (max-width: 768px) 100vw, 768px\" \/>\t\t\t\t\t\t\t\t\t\t\t\t\t\t\t<\/div>\n\t\t\t\t<\/div>\n\t\t<div class=\"elementor-element elementor-element-1433fff e-flex e-con-boxed e-con e-child\" data-id=\"1433fff\" data-element_type=\"container\" data-e-type=\"container\">\n\t\t\t\t\t<div class=\"e-con-inner\">\n\t\t\t\t<div class=\"elementor-element elementor-element-0e9bf5b elementor-widget elementor-widget-image\" data-id=\"0e9bf5b\" data-element_type=\"widget\" data-e-type=\"widget\" data-widget_type=\"image.default\">\n\t\t\t\t<div class=\"elementor-widget-container\">\n\t\t\t\t\t\t\t\t\t\t\t\t\t\t\t<img loading=\"lazy\" decoding=\"async\" width=\"768\" height=\"768\" src=\"https:\/\/lacruz.cl\/a94a8fe5\/wp-content\/uploads\/2024\/04\/dideco4-768x768.jpg\" class=\"attachment-medium_large size-medium_large wp-image-11001\" alt=\"\" srcset=\"https:\/\/lacruz.cl\/a94a8fe5\/wp-content\/uploads\/2024\/04\/dideco4-768x768.jpg 768w, https:\/\/lacruz.cl\/a94a8fe5\/wp-content\/uploads\/2024\/04\/dideco4-300x300.jpg 300w, https:\/\/lacruz.cl\/a94a8fe5\/wp-content\/uploads\/2024\/04\/dideco4-1024x1024.jpg 1024w, https:\/\/lacruz.cl\/a94a8fe5\/wp-content\/uploads\/2024\/04\/dideco4-150x150.jpg 150w, https:\/\/lacruz.cl\/a94a8fe5\/wp-content\/uploads\/2024\/04\/dideco4.jpg 1080w\" sizes=\"auto, (max-width: 768px) 100vw, 768px\" \/>\t\t\t\t\t\t\t\t\t\t\t\t\t\t\t<\/div>\n\t\t\t\t<\/div>\n\t\t\t\t\t<\/div>\n\t\t\t\t<\/div>\n\t\t\t\t\t<\/div>\n\t\t\t\t<\/div>\n\t\t\t\t\t<\/div>\n\t\t\t\t<\/div>\n\t\t\t\t\t<\/div>\n\t\t\t\t<\/div>\n\t\t\t\t\t<\/div>\n\t\t\t\t<\/div>\n\t\t\t\t<section class=\"elementor-section elementor-top-section elementor-element elementor-element-2e7dadd5 elementor-section-content-middle elementor-section-boxed elementor-section-height-default elementor-section-height-default\" data-id=\"2e7dadd5\" data-element_type=\"section\" data-e-type=\"section\">\n\t\t\t\t\t\t<div class=\"elementor-container elementor-column-gap-no\">\n\t\t\t\t\t<div class=\"elementor-column elementor-col-100 elementor-top-column elementor-element elementor-element-395c4dc2\" data-id=\"395c4dc2\" data-element_type=\"column\" data-e-type=\"column\">\n\t\t\t<div class=\"elementor-widget-wrap elementor-element-populated\">\n\t\t\t\t\t\t<div class=\"elementor-element elementor-element-1adc1e12 elementor-widget elementor-widget-text-editor\" data-id=\"1adc1e12\" data-element_type=\"widget\" data-e-type=\"widget\" data-widget_type=\"text-editor.default\">\n\t\t\t\t<div class=\"elementor-widget-container\">\n\t\t\t\t\t\t\t\t\t<p>Si tiene cualquier duda respecto alg\u00fan servicio que entregamos o si necesita ayuda, llame a este n\u00famero (33) 2265001 o dir\u00edjase a Gabriela Mistral N\u00ba3, La Cruz, siempre estaremos dispuestos a entregar nuestra ayuda.<\/p>\n<p>Andres Leiva Valencia Director de DIDECO.<\/p>\n<p>dideco@lacruz.cl<\/p>\t\t\t\t\t\t\t\t<\/div>\n\t\t\t\t<\/div>\n\t\t\t\t\t<\/div>\n\t\t<\/div>\n\t\t\t\t\t<\/div>\n\t\t<\/section>\n\t\t\t\t<section class=\"elementor-section elementor-top-section elementor-element elementor-element-0ea4926 elementor-section-content-middle elementor-section-boxed elementor-section-height-default elementor-section-height-default\" data-id=\"0ea4926\" data-element_type=\"section\" data-e-type=\"section\" data-settings=\"{&quot;background_background&quot;:&quot;classic&quot;}\">\n\t\t\t\t\t\t\t<div class=\"elementor-background-overlay\"><\/div>\n\t\t\t\t\t\t\t<div class=\"elementor-container elementor-column-gap-no\">\n\t\t\t\t\t<div class=\"elementor-column elementor-col-100 elementor-top-column elementor-element elementor-element-ed4e5d8\" data-id=\"ed4e5d8\" data-element_type=\"column\" data-e-type=\"column\">\n\t\t\t<div class=\"elementor-widget-wrap elementor-element-populated\">\n\t\t\t\t\t\t<div class=\"elementor-element elementor-element-51a1b36 elementor-widget elementor-widget-heading\" data-id=\"51a1b36\" data-element_type=\"widget\" data-e-type=\"widget\" data-widget_type=\"heading.default\">\n\t\t\t\t<div class=\"elementor-widget-container\">\n\t\t\t\t\t<h4 class=\"elementor-heading-title elementor-size-default\">Conoce los Tr\u00e1mites Sociales que tenemos para ti<\/h4>\t\t\t\t<\/div>\n\t\t\t\t<\/div>\n\t\t\t\t<div class=\"elementor-element elementor-element-1a92190 elementor-align-center elementor-widget elementor-widget-button\" data-id=\"1a92190\" data-element_type=\"widget\" data-e-type=\"widget\" data-widget_type=\"button.default\">\n\t\t\t\t<div class=\"elementor-widget-container\">\n\t\t\t\t\t\t\t\t\t<div class=\"elementor-button-wrapper\">\n\t\t\t\t\t<a class=\"elementor-button elementor-button-link elementor-size-sm elementor-animation-grow\" href=\"https:\/\/lacruz.cl\/a94a8fe5\/tramites\/social\/\">\n\t\t\t\t\t\t<span class=\"elementor-button-content-wrapper\">\n\t\t\t\t\t\t\t\t\t<span class=\"elementor-button-text\">ingresa aqu\u00ed<\/span>\n\t\t\t\t\t<\/span>\n\t\t\t\t\t<\/a>\n\t\t\t\t<\/div>\n\t\t\t\t\t\t\t\t<\/div>\n\t\t\t\t<\/div>\n\t\t\t\t\t<\/div>\n\t\t<\/div>\n\t\t\t\t\t<\/div>\n\t\t<\/section>\n\t\t<div class=\"elementor-element elementor-element-02eb4bc e-flex e-con-boxed e-con e-parent\" data-id=\"02eb4bc\" data-element_type=\"container\" data-e-type=\"container\">\n\t\t\t\t\t<div class=\"e-con-inner\">\n\t\t\t\t\t<\/div>\n\t\t\t\t<\/div>\n\t\t\t\t<\/div>\n\t\t","protected":false},"excerpt":{"rendered":"<p>DIDECO DIRECCI\u00f3N DE DESARROLLO COMUNITARIO acerca de dideco La direcci\u00f3n de desarrollo comunitario es la direcci\u00f3n que se encarga de velar por el bienestar de las personas, mujeres y hombres en el territorio. Pudiendo tambi\u00e9n fomentar la participaci\u00f3n social de las comunidades y tambi\u00e9n aumentar las oportunidades dentro del territorio. Dideco presta atenci\u00f3n ciudadana a [&hellip;]<\/p>\n","protected":false},"author":6,"featured_media":1159,"parent":3272,"menu_order":0,"comment_status":"closed","ping_status":"closed","template":"elementor_header_footer","meta":{"site-sidebar-layout":"no-sidebar","site-content-layout":"page-builder","ast-site-content-layout":"default","site-content-style":"default","site-sidebar-style":"default","ast-global-header-display":"","ast-banner-title-visibility":"","ast-main-header-display":"","ast-hfb-above-header-display":"","ast-hfb-below-header-display":"","ast-hfb-mobile-header-display":"","site-post-title":"disabled","ast-breadcrumbs-content":"","ast-featured-img":"disabled","footer-sml-layout":"","ast-disable-related-posts":"","theme-transparent-header-meta":"default","adv-header-id-meta":"","stick-header-meta":"","header-above-stick-meta":"","header-main-stick-meta":"","header-below-stick-meta":"","astra-migrate-meta-layouts":"default","ast-page-background-enabled":"default","ast-page-background-meta":{"desktop":{"background-color":"var(--ast-global-color-4)","background-image":"","background-repeat":"repeat","background-position":"center center","background-size":"auto","background-attachment":"scroll","background-type":"","background-media":"","overlay-type":"","overlay-color":"","overlay-opacity":"","overlay-gradient":""},"tablet":{"background-color":"","background-image":"","background-repeat":"repeat","background-position":"center center","background-size":"auto","background-attachment":"scroll","background-type":"","background-media":"","overlay-type":"","overlay-color":"","overlay-opacity":"","overlay-gradient":""},"mobile":{"background-color":"","background-image":"","background-repeat":"repeat","background-position":"center center","background-size":"auto","background-attachment":"scroll","background-type":"","background-media":"","overlay-type":"","overlay-color":"","overlay-opacity":"","overlay-gradient":""}},"ast-content-background-meta":{"desktop":{"background-color":"var(--ast-global-color-5)","background-image":"","background-repeat":"repeat","background-position":"center center","background-size":"auto","background-attachment":"scroll","background-type":"","background-media":"","overlay-type":"","overlay-color":"","overlay-opacity":"","overlay-gradient":""},"tablet":{"background-color":"var(--ast-global-color-5)","background-image":"","background-repeat":"repeat","background-position":"center center","background-size":"auto","background-attachment":"scroll","background-type":"","background-media":"","overlay-type":"","overlay-color":"","overlay-opacity":"","overlay-gradient":""},"mobile":{"background-color":"var(--ast-global-color-5)","background-image":"","background-repeat":"repeat","background-position":"center center","background-size":"auto","background-attachment":"scroll","background-type":"","background-media":"","overlay-type":"","overlay-color":"","overlay-opacity":"","overlay-gradient":""}},"footnotes":""},"class_list":["post-1146","page","type-page","status-publish","has-post-thumbnail","hentry"],"_links":{"self":[{"href":"https:\/\/lacruz.cl\/a94a8fe5\/wp-json\/wp\/v2\/pages\/1146","targetHints":{"allow":["GET"]}}],"collection":[{"href":"https:\/\/lacruz.cl\/a94a8fe5\/wp-json\/wp\/v2\/pages"}],"about":[{"href":"https:\/\/lacruz.cl\/a94a8fe5\/wp-json\/wp\/v2\/types\/page"}],"author":[{"embeddable":true,"href":"https:\/\/lacruz.cl\/a94a8fe5\/wp-json\/wp\/v2\/users\/6"}],"replies":[{"embeddable":true,"href":"https:\/\/lacruz.cl\/a94a8fe5\/wp-json\/wp\/v2\/comments?post=1146"}],"version-history":[{"count":198,"href":"https:\/\/lacruz.cl\/a94a8fe5\/wp-json\/wp\/v2\/pages\/1146\/revisions"}],"predecessor-version":[{"id":11009,"href":"https:\/\/lacruz.cl\/a94a8fe5\/wp-json\/wp\/v2\/pages\/1146\/revisions\/11009"}],"up":[{"embeddable":true,"href":"https:\/\/lacruz.cl\/a94a8fe5\/wp-json\/wp\/v2\/pages\/3272"}],"wp:featuredmedia":[{"embeddable":true,"href":"https:\/\/lacruz.cl\/a94a8fe5\/wp-json\/wp\/v2\/media\/1159"}],"wp:attachment":[{"href":"https:\/\/lacruz.cl\/a94a8fe5\/wp-json\/wp\/v2\/media?parent=1146"}],"curies":[{"name":"wp","href":"https:\/\/api.w.org\/{rel}","templated":true}]}}